{"id":9,"date":"2022-05-04T07:42:52","date_gmt":"2022-05-04T07:42:52","guid":{"rendered":"https:\/\/www.asociacioncafe.com\/congreso\/?page_id=9"},"modified":"2022-09-07T11:33:20","modified_gmt":"2022-09-07T11:33:20","slug":"inicio","status":"publish","type":"page","link":"https:\/\/www.asociacioncafe.com\/congreso\/","title":{"rendered":"Inicio"},"content":{"rendered":"<p>[et_pb_section fb_built=\u00bb1&#8243; fullwidth=\u00bbon\u00bb _builder_version=\u00bb4.17.3&#8243; _module_preset=\u00bbdefault\u00bb global_colors_info=\u00bb{}\u00bb][et_pb_fullwidth_image src=\u00bbhttp:\/\/www.asociacioncafe.com\/congreso\/wp-content\/uploads\/2022\/05\/CABECERA-WEB-Congreso-Valladolid-2022_VF.jpg\u00bb title_text=\u00bbCABECERA WEB Congreso Valladolid 2022_VF\u00bb admin_label=\u00bbIMAGEN INICIO de anchura completa\u00bb _builder_version=\u00bb4.17.4&#8243; _module_preset=\u00bbdefault\u00bb global_colors_info=\u00bb{}\u00bb][\/et_pb_fullwidth_image][\/et_pb_section][et_pb_section fb_built=\u00bb1&#8243; module_id=\u00bbcongreso\u00bb _builder_version=\u00bb4.17.4&#8243; _module_preset=\u00bbdefault\u00bb background_image=\u00bbhttp:\/\/www.asociacioncafe.com\/congreso\/wp-content\/uploads\/2022\/05\/El-cinturon-del-cafe-1.jpg\u00bb custom_padding=\u00bb201px||201px||true|\u00bb global_colors_info=\u00bb{}\u00bb][et_pb_row _builder_version=\u00bb4.17.3&#8243; _module_preset=\u00bbdefault\u00bb background_color=\u00bbrgba(255,255,255,0.8)\u00bb box_shadow_style=\u00bbpreset1&#8243; global_colors_info=\u00bb{}\u00bb][et_pb_column type=\u00bb4_4&#8243; _builder_version=\u00bb4.17.3&#8243; _module_preset=\u00bbdefault\u00bb global_colors_info=\u00bb{}\u00bb][et_pb_text admin_label=\u00bbTexto CONTADOR\u00bb _builder_version=\u00bb4.17.4&#8243; _module_preset=\u00bbdefault\u00bb header_2_font=\u00bbOpen Sans|700|||||||\u00bb header_2_text_align=\u00bbcenter\u00bb header_2_text_color=\u00bb#503629&#8243; header_2_font_size=\u00bb40px\u00bb custom_margin=\u00bb||30px||false|false\u00bb global_colors_info=\u00bb{}\u00bb]<\/p>\n<h2>La edici\u00f3n XXIX del Congreso Espa\u00f1ol del Caf\u00e9 se celebr\u00f3 el pasado 1 y 2 de junio en Castilla Termal Monasterio de Valbuena (Valladolid)<\/h2>\n<p>[\/et_pb_text][et_pb_code admin_label=\u00bbC\u00f3digo CONTADOR\u00bb _builder_version=\u00bb4.17.4&#8243; _module_preset=\u00bbdefault\u00bb global_colors_info=\u00bb{}\u00bb][\/et_pb_code][\/et_pb_column][\/et_pb_row][\/et_pb_section][et_pb_section fb_built=\u00bb1&#8243; _builder_version=\u00bb4.17.3&#8243; _module_preset=\u00bbdefault\u00bb custom_padding=\u00bb0px||0px||true|\u00bb global_colors_info=\u00bb{}\u00bb][et_pb_row column_structure=\u00bb1_3,1_3,1_3&#8243; use_custom_gutter=\u00bbon\u00bb gutter_width=\u00bb1&#8243; make_equal=\u00bbon\u00bb _builder_version=\u00bb4.17.3&#8243; _module_preset=\u00bbdefault\u00bb width=\u00bb100%\u00bb max_width=\u00bb100%\u00bb custom_margin=\u00bb0px||0px||true|false\u00bb custom_padding=\u00bb0px||0px||true|\u00bb global_colors_info=\u00bb{}\u00bb][et_pb_column type=\u00bb1_3&#8243; _builder_version=\u00bb4.17.3&#8243; _module_preset=\u00bbdefault\u00bb custom_padding=\u00bb0px||0px||true|false\u00bb global_colors_info=\u00bb{}\u00bb][et_pb_video src=\u00bbhttps:\/\/vimeo.com\/745344124&#8243; admin_label=\u00bbV\u00eddeo CONGRESO\u00bb _builder_version=\u00bb4.17.4&#8243; _module_preset=\u00bbdefault\u00bb global_colors_info=\u00bb{}\u00bb][\/et_pb_video][\/et_pb_column][et_pb_column type=\u00bb1_3&#8243; _builder_version=\u00bb4.17.3&#8243; _module_preset=\u00bbdefault\u00bb custom_padding=\u00bb50px|50px|50px|50px|true|true\u00bb global_colors_info=\u00bb{}\u00bb][et_pb_text admin_label=\u00bbTexto CONGRESO\u00bb _builder_version=\u00bb4.17.4&#8243; _module_preset=\u00bbdefault\u00bb text_font=\u00bbWork Sans|300|||||||\u00bb text_font_size=\u00bb16px\u00bb header_3_font=\u00bbOpen Sans||||||||\u00bb header_3_text_align=\u00bbleft\u00bb header_3_text_color=\u00bb#FFFFFF\u00bb header_3_font_size=\u00bb23px\u00bb header_3_line_height=\u00bb1.4em\u00bb text_orientation=\u00bbjustified\u00bb global_colors_info=\u00bb{}\u00bb]<\/p>\n<p>El Congreso Espa\u00f1ol del Caf\u00e9 es un <strong>evento profesional destinado a empresas del sector del caf\u00e9<\/strong> (tostadores, importadores de caf\u00e9 verde y empresas fabricantes de caf\u00e9 soluble).<\/p>\n<p><strong>Las empresas vinculadas al sector cafetero espa\u00f1ol<\/strong> (maquinarias, envasado, az\u00facar, complementos, galletas, chocolate, t\u00e9 e infusiones, etc), <strong>solo pueden asistir a trav\u00e9s de la figura de patrocinador o expositor.<\/strong><\/p>\n<p>En caso de estar interesados en acudir, ya sea como empresa del sector o vinculada, <strong>por favor, contactar con la Asociaci\u00f3n Espa\u00f1ola del Caf\u00e9 (<a href=\"tel:+34914488212\">91 44 88 212<\/a> o en\u00a0<a href=\"mailto:somos@asociacioncafe.com\" target=\"_blank\" rel=\"noopener\">somos@asociacioncafe.com<\/a>).<\/strong><\/p>\n<p>[\/et_pb_text][\/et_pb_column][et_pb_column type=\u00bb1_3&#8243; _builder_version=\u00bb4.17.3&#8243; _module_preset=\u00bbdefault\u00bb background_image=\u00bbhttp:\/\/www.asociacioncafe.com\/congreso\/wp-content\/uploads\/2022\/05\/Monasterio-de-Valbuena_patio.jpg\u00bb global_colors_info=\u00bb{}\u00bb][\/et_pb_column][\/et_pb_row][et_pb_row column_structure=\u00bb1_5,1_5,1_5,1_5,1_5&#8243; use_custom_gutter=\u00bbon\u00bb gutter_width=\u00bb1&#8243; make_equal=\u00bbon\u00bb module_id=\u00bbprograma\u00bb _builder_version=\u00bb4.17.3&#8243; _module_preset=\u00bbdefault\u00bb width=\u00bb100%\u00bb max_width=\u00bb100%\u00bb custom_padding=\u00bb0px||0px||true|\u00bb global_colors_info=\u00bb{}\u00bb][et_pb_column type=\u00bb1_5&#8243; _builder_version=\u00bb4.17.3&#8243; _module_preset=\u00bbdefault\u00bb background_enable_color=\u00bboff\u00bb use_background_color_gradient=\u00bbon\u00bb background_color_gradient_stops=\u00bb#0a0500 0%|rgba(0,0,0,0.32) 100%\u00bb background_color_gradient_overlays_image=\u00bbon\u00bb background_image=\u00bbhttp:\/\/www.asociacioncafe.com\/congreso\/wp-content\/uploads\/2022\/05\/Patio-scaled.jpg\u00bb background_position=\u00bbbottom_center\u00bb custom_padding=\u00bb130px|50px|130px|50px|true|true\u00bb global_colors_info=\u00bb{}\u00bb][et_pb_button button_url=\u00bbhttps:\/\/www.asociacioncafe.com\/congreso\/wp-content\/uploads\/2022\/05\/Programa-Bolsillo-Congreso-Espanol-del-Cafe_version-digital.pdf\u00bb url_new_window=\u00bbon\u00bb button_text=\u00bbDescarga el Programa de bolsillo\u00bb admin_label=\u00bbBot\u00f3n PROGRAMA BOLSILLO\u00bb _builder_version=\u00bb4.17.4&#8243; _module_preset=\u00bbdefault\u00bb custom_button=\u00bbon\u00bb button_text_size=\u00bb17px\u00bb button_text_color=\u00bb#FFFFFF\u00bb button_bg_color=\u00bb#668e20&#8243; button_border_width=\u00bb0px\u00bb button_border_radius=\u00bb8px\u00bb button_font=\u00bbWork Sans|600|||||||\u00bb custom_margin=\u00bb||30px||false|false\u00bb global_colors_info=\u00bb{}\u00bb][\/et_pb_button][et_pb_button button_url=\u00bbhttps:\/\/www.asociacioncafe.com\/congreso\/wp-content\/uploads\/2022\/05\/Programa-XXIX-Congreso-Espanol-del-Cafe-2022_completo.pdf\u00bb url_new_window=\u00bbon\u00bb button_text=\u00bbDescarga el Programa completo \u00bb button_alignment=\u00bbcenter\u00bb admin_label=\u00bbBot\u00f3n PROGRAMA COMPLETO\u00bb _builder_version=\u00bb4.17.4&#8243; _module_preset=\u00bbdefault\u00bb custom_button=\u00bbon\u00bb button_text_size=\u00bb17px\u00bb button_text_color=\u00bb#FFFFFF\u00bb button_bg_color=\u00bb#4e3629&#8243; button_border_width=\u00bb0px\u00bb button_border_radius=\u00bb8px\u00bb button_font=\u00bbWork Sans|600|||||||\u00bb custom_margin=\u00bb||30px||false|false\u00bb global_colors_info=\u00bb{}\u00bb][\/et_pb_button][\/et_pb_column][et_pb_column type=\u00bb1_5&#8243; _builder_version=\u00bb4.17.3&#8243; _module_preset=\u00bbdefault\u00bb background_color=\u00bb#322626&#8243; custom_padding=\u00bb50px|50px|50px|50px|true|true\u00bb global_colors_info=\u00bb{}\u00bb][et_pb_text admin_label=\u00bbTexto MI\u00c9RCOLES TARDE\u00bb _builder_version=\u00bb4.17.4&#8243; _module_preset=\u00bbdefault\u00bb text_font=\u00bbWork Sans||||||||\u00bb text_text_color=\u00bb#FFFFFF\u00bb text_font_size=\u00bb16px\u00bb header_3_font=\u00bbOpen Sans||||||||\u00bb header_3_text_align=\u00bbleft\u00bb header_3_text_color=\u00bb#FFFFFF\u00bb header_3_font_size=\u00bb23px\u00bb header_3_line_height=\u00bb1.4em\u00bb text_orientation=\u00bbjustified\u00bb custom_margin=\u00bb||22px|||\u00bb global_colors_info=\u00bb{}\u00bb]<\/p>\n<h3><strong>Mi\u00e9rcoles Tarde &#8211; 1 Junio<\/strong><\/h3>\n<p style=\"text-align: left;\">[\/et_pb_text][et_pb_text admin_label=\u00bbTexto MI\u00c9RCOLES TARDE\u00bb _builder_version=\u00bb4.17.4&#8243; _module_preset=\u00bbdefault\u00bb text_font=\u00bbWork Sans|300|||||||\u00bb text_text_color=\u00bb#FFFFFF\u00bb text_font_size=\u00bb16px\u00bb header_3_font=\u00bbOpen Sans||||||||\u00bb header_3_text_align=\u00bbleft\u00bb header_3_text_color=\u00bb#FFFFFF\u00bb header_3_font_size=\u00bb23px\u00bb header_3_line_height=\u00bb1.4em\u00bb text_orientation=\u00bbjustified\u00bb global_colors_info=\u00bb{}\u00bb]<\/p>\n<h3>\u00a0<\/h3>\n<p style=\"text-align: left;\"><strong>15h30 a 16h00<\/strong> Traslado de congresistas de Arzuaga a Valbuena<\/p>\n<p style=\"text-align: left;\"><strong>16h00 a 16h15<\/strong> Inauguraci\u00f3n del XXIX Congreso Espa\u00f1ol del Caf\u00e9<\/p>\n<p style=\"text-align: left;\"><strong>16h15 a 17h15<\/strong> Ponencia \u00abTendencias de consumo y perspectivas para el mercado de caf\u00e9\u00bb<\/p>\n<p style=\"text-align: left;\"><strong>17h15 a 18h00<\/strong> Pausa caf\u00e9<\/p>\n<p style=\"text-align: left;\"><strong>18h00 a 19h00<\/strong> Ponencia \u00abAgua y vino en la Ribera del Duero, a la vanguardia en la experiencia del consumidor\u00bb<\/p>\n<p style=\"text-align: left;\"><strong>19h00 a 19h45<\/strong> Matchmaking<\/p>\n<p style=\"text-align: left;\"><strong>19h45 a 20h15<\/strong> Traslado de congresistas de Valbuena a Arzuaga<\/p>\n<p style=\"text-align: left;\"><strong>20h15 a 21h30<\/strong> Tiempo para prepararse para el c\u00f3ctel<\/p>\n<p style=\"text-align: left;\"><strong>21h30 a 22h00<\/strong> Traslado de congresistas y acompa\u00f1antes de Arzuaga a Valbuena<\/p>\n<p><strong>22h00 a 23h30<\/strong> C\u00f3ctel de bienvenida y cata de vino<\/p>\n<p style=\"text-align: left;\"><strong>23h30 a 00h00<\/strong> Traslado de congresistas y acompa\u00f1antes de Valbuena a Arzuaga<\/p>\n<p>[\/et_pb_text][\/et_pb_column][et_pb_column type=\u00bb1_5&#8243; _builder_version=\u00bb4.17.3&#8243; _module_preset=\u00bbdefault\u00bb background_color=\u00bb#432d2b\u00bb custom_padding=\u00bb50px|50px|50px|50px|true|true\u00bb global_colors_info=\u00bb{}\u00bb][et_pb_text admin_label=\u00bbTexto JUEVES MA\u00d1ANA\u00bb _builder_version=\u00bb4.17.3&#8243; _module_preset=\u00bbdefault\u00bb text_font=\u00bbWork Sans||||||||\u00bb text_text_color=\u00bb#FFFFFF\u00bb text_font_size=\u00bb16px\u00bb header_3_font=\u00bbOpen Sans||||||||\u00bb header_3_text_align=\u00bbleft\u00bb header_3_text_color=\u00bb#FFFFFF\u00bb header_3_font_size=\u00bb23px\u00bb header_3_line_height=\u00bb1.4em\u00bb text_orientation=\u00bbjustified\u00bb custom_margin=\u00bb||22px|||\u00bb global_colors_info=\u00bb{}\u00bb]<\/p>\n<h3><strong>Jueves Ma\u00f1ana &#8211; 2 Junio<\/strong><\/h3>\n<p>[\/et_pb_text][et_pb_text admin_label=\u00bbTexto JUEVES MA\u00d1ANA\u00bb _builder_version=\u00bb4.17.4&#8243; _module_preset=\u00bbdefault\u00bb text_font=\u00bbWork Sans|300|||||||\u00bb text_text_color=\u00bb#FFFFFF\u00bb text_font_size=\u00bb16px\u00bb header_3_font=\u00bbOpen Sans||||||||\u00bb header_3_text_align=\u00bbleft\u00bb header_3_text_color=\u00bb#FFFFFF\u00bb header_3_font_size=\u00bb23px\u00bb header_3_line_height=\u00bb1.4em\u00bb text_orientation=\u00bbjustified\u00bb global_colors_info=\u00bb{}\u00bb]<\/p>\n<h3>\u00a0<\/h3>\n<p style=\"text-align: left;\"><strong>09h30 a 10h00<\/strong> Traslado de congresistas de Arzuaga a Valbuena<\/p>\n<p style=\"text-align: left;\"><strong>10h00 a 11h00<\/strong> Asamblea General de AECaf\u00e9<\/p>\n<p style=\"text-align: left;\"><strong>11h00 a 12h00<\/strong>\u00a0Mesa redonda: \u00abEl consumidor de caf\u00e9, m\u00e1s all\u00e1 del solo o con leche\u00bb<\/p>\n<p style=\"text-align: left;\"><strong>12h00 a 12h45<\/strong>\u00a0Pausa caf\u00e9<\/p>\n<p style=\"text-align: left;\"><strong>14h45 a 14h30<\/strong> Ponencia \u00abRetos y oportunidades del caf\u00e9 de Brasil\u00bb<\/p>\n<p style=\"text-align: left;\"><strong>14h30 a 16h15<\/strong> Almuerzo de trabajo<\/p>\n<p>[\/et_pb_text][\/et_pb_column][et_pb_column type=\u00bb1_5&#8243; _builder_version=\u00bb4.17.3&#8243; _module_preset=\u00bbdefault\u00bb background_color=\u00bb#654335&#8243; custom_padding=\u00bb50px|50px|50px|50px|true|true\u00bb global_colors_info=\u00bb{}\u00bb][et_pb_text admin_label=\u00bbTexto JUEVES TARDE\u00bb _builder_version=\u00bb4.17.3&#8243; _module_preset=\u00bbdefault\u00bb text_font=\u00bbWork Sans||||||||\u00bb text_text_color=\u00bb#FFFFFF\u00bb text_font_size=\u00bb16px\u00bb header_3_font=\u00bbOpen Sans||||||||\u00bb header_3_text_align=\u00bbleft\u00bb header_3_text_color=\u00bb#FFFFFF\u00bb header_3_font_size=\u00bb23px\u00bb header_3_line_height=\u00bb1.4em\u00bb text_orientation=\u00bbjustified\u00bb custom_margin=\u00bb||22px|||\u00bb global_colors_info=\u00bb{}\u00bb]<\/p>\n<h3><strong>Jueves Tarde &#8211; 2 Junio<\/strong><\/h3>\n<p>[\/et_pb_text][et_pb_text admin_label=\u00bbTexto JUEVES TARDE\u00bb _builder_version=\u00bb4.17.4&#8243; _module_preset=\u00bbdefault\u00bb text_font=\u00bbWork Sans|300|||||||\u00bb text_text_color=\u00bb#FFFFFF\u00bb text_font_size=\u00bb16px\u00bb header_3_font=\u00bbOpen Sans||||||||\u00bb header_3_text_align=\u00bbleft\u00bb header_3_text_color=\u00bb#FFFFFF\u00bb header_3_font_size=\u00bb23px\u00bb header_3_line_height=\u00bb1.4em\u00bb text_orientation=\u00bbjustified\u00bb global_colors_info=\u00bb{}\u00bb]<\/p>\n<h3>\u00a0<\/h3>\n<p style=\"text-align: left;\"><strong>16h15 a 17h15<\/strong> Matchmaking<\/p>\n<p style=\"text-align: left;\"><strong>17h15 a 18h30<\/strong> Ponencia Magistral: \u00abTodo se puede entrenar\u00bb<\/p>\n<p style=\"text-align: left;\"><strong>18h30 a 18h45<\/strong> Clausura del XXIX Congreso Espa\u00f1ol del Caf\u00e9<\/p>\n<p style=\"text-align: left;\"><strong>18h45 a 19h15<\/strong> Traslado de congresistas de Valbuena a Arzuaga<\/p>\n<p style=\"text-align: left;\"><strong>19h15 a 20h30<\/strong> Tiempo para prepararse para el c\u00f3ctel y cena de gala<\/p>\n<p style=\"text-align: left;\"><strong>20h30 a 21h00<\/strong> Traslado de congresistas y acompa\u00f1antes de Arzuaga y Valbuena a Pago de Carraovejas<\/p>\n<p style=\"text-align: left;\"><strong>21h00 a 00h45<\/strong> C\u00f3ctel y cena de gala en Pago de Carraovejas*<\/p>\n<p style=\"text-align: left;\"><strong>00h45 a 01h15<\/strong> Traslado de congresistas y acompa\u00f1antes de Pago de Carraovejas a Valbuena y Arzuaga<\/p>\n<p>*La entrega de placas a los homenajeados se har\u00e1 en el transcurso del c\u00f3ctel<\/p>\n<p>[\/et_pb_text][\/et_pb_column][et_pb_column type=\u00bb1_5&#8243; _builder_version=\u00bb4.17.3&#8243; _module_preset=\u00bbdefault\u00bb background_color=\u00bb#6f4e37&#8243; custom_padding=\u00bb50px|50px|50px|50px|true|true\u00bb global_colors_info=\u00bb{}\u00bb][et_pb_text admin_label=\u00bbTexto VIERNES MA\u00d1ANA\u00bb _builder_version=\u00bb4.17.3&#8243; _module_preset=\u00bbdefault\u00bb text_font=\u00bbWork Sans||||||||\u00bb text_text_color=\u00bb#FFFFFF\u00bb text_font_size=\u00bb16px\u00bb header_3_font=\u00bbOpen Sans||||||||\u00bb header_3_text_align=\u00bbleft\u00bb header_3_text_color=\u00bb#FFFFFF\u00bb header_3_font_size=\u00bb23px\u00bb header_3_line_height=\u00bb1.4em\u00bb text_orientation=\u00bbjustified\u00bb custom_margin=\u00bb||22px|||\u00bb global_colors_info=\u00bb{}\u00bb]<\/p>\n<h3><strong>Viernes Ma\u00f1ana &#8211; 3 Junio<\/strong><\/h3>\n<p style=\"text-align: left;\">\n<p>[\/et_pb_text][et_pb_text admin_label=\u00bbTexto VIERNES MA\u00d1ANA\u00bb _builder_version=\u00bb4.17.4&#8243; _module_preset=\u00bbdefault\u00bb text_font=\u00bbWork Sans|300|||||||\u00bb text_text_color=\u00bb#FFFFFF\u00bb text_font_size=\u00bb16px\u00bb header_3_font=\u00bbOpen Sans||||||||\u00bb header_3_text_align=\u00bbleft\u00bb header_3_text_color=\u00bb#FFFFFF\u00bb header_3_font_size=\u00bb23px\u00bb header_3_line_height=\u00bb1.4em\u00bb text_orientation=\u00bbjustified\u00bb global_colors_info=\u00bb{}\u00bb]<\/p>\n<h3>\u00a0<\/h3>\n<p><strong>Programa Social<\/strong><\/p>\n<p style=\"text-align: left;\">Atractiva jornada social a la que se puede apuntar cualquier congresistas o acompa\u00f1ante del Congreso Espa\u00f1ol del Caf\u00e9. Este a\u00f1o combinamos visita cultural y gastron\u00f3mica. Como entrante, una visita guiada al Castillo de Pe\u00f1afiel. De primero, paseo en bici el\u00e9ctrica entre vi\u00f1edos, y de segundo, cata de vino y productos gourmet en Finca Villacreces. El borche de esta jornada ser\u00e1 una comida en la finca.<\/p>\n<p style=\"text-align: left;\">Para m\u00e1s informaci\u00f3n, contactar con la Asociaci\u00f3n Espa\u00f1ola del Caf\u00e9 en el <strong>91 44 88 212<\/strong> o a trav\u00e9s de un correo electr\u00f3nico <strong>(somos@asociacioncafe.com).<\/strong><\/p>\n<p>[\/et_pb_text][\/et_pb_column][\/et_pb_row][\/et_pb_section][et_pb_section fb_built=\u00bb1&#8243; _builder_version=\u00bb4.17.3&#8243; _module_preset=\u00bbdefault\u00bb background_color=\u00bb#668e20&#8243; custom_padding=\u00bb100px||100px||true|\u00bb global_colors_info=\u00bb{}\u00bb][et_pb_row module_id=\u00bbponentes\u00bb _builder_version=\u00bb4.17.3&#8243; _module_preset=\u00bbdefault\u00bb max_width=\u00bb1200px\u00bb custom_padding=\u00bb1px|||||\u00bb global_colors_info=\u00bb{}\u00bb][et_pb_column type=\u00bb4_4&#8243; _builder_version=\u00bb4.17.3&#8243; _module_preset=\u00bbdefault\u00bb global_colors_info=\u00bb{}\u00bb][et_pb_text admin_label=\u00bbTexto PONENTES\u00bb _builder_version=\u00bb4.17.4&#8243; _module_preset=\u00bbdefault\u00bb header_2_font=\u00bbOpen Sans|700|||||||\u00bb header_2_text_color=\u00bb#FFFFFF\u00bb header_2_font_size=\u00bb40px\u00bb custom_margin=\u00bb||10px||false|false\u00bb global_colors_info=\u00bb{}\u00bb]<\/p>\n<h2>Ponentes<\/h2>\n<p>[\/et_pb_text][et_pb_divider color=\u00bb#FFFFFF\u00bb divider_position=\u00bbcenter\u00bb divider_weight=\u00bb2px\u00bb _builder_version=\u00bb4.17.4&#8243; _module_preset=\u00bbdefault\u00bb width=\u00bb100px\u00bb global_colors_info=\u00bb{}\u00bb][\/et_pb_divider][\/et_pb_column][\/et_pb_row][et_pb_row column_structure=\u00bb1_5,1_5,1_5,1_5,1_5&#8243; make_equal=\u00bbon\u00bb _builder_version=\u00bb4.17.3&#8243; _module_preset=\u00bbdefault\u00bb max_width=\u00bb1200px\u00bb global_colors_info=\u00bb{}\u00bb][et_pb_column type=\u00bb1_5&#8243; _builder_version=\u00bb4.17.3&#8243; _module_preset=\u00bbdefault\u00bb global_colors_info=\u00bb{}\u00bb][et_pb_blurb title=\u00bbAndr\u00e9s Berm\u00fadez\u00bb image=\u00bbhttp:\/\/www.asociacioncafe.com\/congreso\/wp-content\/uploads\/2022\/05\/Andres-Bermudez-Borrego_SEVILLANA-DE-CAFE.jpg\u00bb admin_label=\u00bbNombre y cargo AB\u00bb _builder_version=\u00bb4.17.4&#8243; _module_preset=\u00bbdefault\u00bb header_font=\u00bbWork Sans|700|||||||\u00bb header_text_color=\u00bb#FFFFFF\u00bb header_line_height=\u00bb3em\u00bb body_font=\u00bbWork Sans|300|||||||\u00bb body_text_color=\u00bb#FFFFFF\u00bb body_font_size=\u00bb16px\u00bb text_orientation=\u00bbcenter\u00bb border_radii_image=\u00bbon|1000px|1000px|1000px|1000px\u00bb global_colors_info=\u00bb{}\u00bb]<\/p>\n<p style=\"text-align: center;\">Presidente de AECaf\u00e9 y Director General de Sevillana de Caf\u00e9<\/p>\n<p>[\/et_pb_blurb][dipl_modal trigger_button_text=\u00bbVer CV\u00bb modal_title=\u00bbCV de Andr\u00e9s Berm\u00fadez\u00bb show_close_icon=\u00bboff\u00bb close_button_text=\u00bbCerrar\u00bb admin_label=\u00bb Ver CV AB\u00bb _builder_version=\u00bb4.17.4&#8243; _module_preset=\u00bbdefault\u00bb modal_title_text_font=\u00bbWork Sans|600|||||||\u00bb modal_body_text_font_size=\u00bb16px\u00bb modal_trigger_text_font=\u00bbWork Sans||||||||\u00bb custom_trigger_button=\u00bbon\u00bb trigger_button_text_size=\u00bb17px\u00bb trigger_button_text_color=\u00bb#668e20&#8243; trigger_button_bg_color=\u00bb#FFFFFF\u00bb trigger_button_border_width=\u00bb0px\u00bb trigger_button_border_color=\u00bbRGBA(255,255,255,0)\u00bb trigger_button_font=\u00bbWork Sans||||||||\u00bb custom_close_button=\u00bbon\u00bb close_button_text_size=\u00bb15px\u00bb close_button_text_color=\u00bb#FFFFFF\u00bb close_button_bg_color=\u00bb#668e20&#8243; close_button_font=\u00bbWork Sans||||||||\u00bb text_orientation=\u00bbcenter\u00bb global_colors_info=\u00bb{}\u00bb]<\/p>\n<div id=\"lipsum\">\n<p>Andr\u00e9s Berm\u00fadez Borrego es director general de AB Caf\u00e9. Se incorpora al proyecto familiar desde la fundaci\u00f3n en 1991 cuando su padre Andr\u00e9s Berm\u00fadez Bueno decide iniciar su trayectoria empresarial tras el cierre del tostadero en el que trabajaba.<\/p>\n<p>A lo largo de todos estos a\u00f1os ha venido desarrollando su actividad en todas las \u00e1reas de la empresa, alcanzando la Direcci\u00f3n General a la jubilaci\u00f3n del fundador.<\/p>\n<p>Ha sido vicepresidente durante varios a\u00f1os en la extinta AETC (Asociaci\u00f3n Espa\u00f1ola de Tostadores de Caf\u00e9) y en la FEC (Federaci\u00f3n Espa\u00f1ola del Caf\u00e9).<\/p>\n<p>En la actualidad es presidente de AECaf\u00e9 y miembro de la Junta de Gobierno del F\u00f3rum Cultural del Caf\u00e9.<\/p>\n<p>Diplomado en Direcci\u00f3n de Empresas (PIDE) por el Instituto San Telmo.<\/p>\n<\/div>\n<p>[\/dipl_modal][\/et_pb_column][et_pb_column type=\u00bb1_5&#8243; _builder_version=\u00bb4.17.3&#8243; _module_preset=\u00bbdefault\u00bb global_colors_info=\u00bb{}\u00bb][et_pb_blurb title=\u00bbOana Neamtu\u00bb image=\u00bbhttp:\/\/www.asociacioncafe.com\/congreso\/wp-content\/uploads\/2022\/05\/Oana-Neamtu_JDE_vf.jpg\u00bb admin_label=\u00bbNombre y cargo OANA\u00bb _builder_version=\u00bb4.17.4&#8243; _module_preset=\u00bbdefault\u00bb header_font=\u00bbOpen Sans|700|||||||\u00bb header_text_align=\u00bbcenter\u00bb header_text_color=\u00bb#FFFFFF\u00bb header_line_height=\u00bb3em\u00bb body_font=\u00bbWork Sans|300|||||||\u00bb body_text_color=\u00bb#FFFFFF\u00bb body_font_size=\u00bb16px\u00bb border_radii_image=\u00bbon|1000px|1000px|1000px|1000px\u00bb global_colors_info=\u00bb{}\u00bb]<\/p>\n<p style=\"text-align: center;\">Directora de Marketing Europa Sur en JDE<\/p>\n<p>[\/et_pb_blurb][dipl_modal trigger_button_text=\u00bbVer CV\u00bb modal_title=\u00bbCV de Oana Neamtu\u00bb show_close_icon=\u00bboff\u00bb close_button_text=\u00bbCerrar\u00bb admin_label=\u00bbVer CV OANA\u00bb _builder_version=\u00bb4.17.4&#8243; _module_preset=\u00bbdefault\u00bb modal_title_text_font=\u00bbWork Sans|600|||||||\u00bb modal_body_text_font_size=\u00bb16px\u00bb modal_trigger_text_font=\u00bbWork Sans||||||||\u00bb custom_trigger_button=\u00bbon\u00bb trigger_button_text_size=\u00bb17px\u00bb trigger_button_text_color=\u00bb#668e20&#8243; trigger_button_bg_color=\u00bb#FFFFFF\u00bb trigger_button_border_width=\u00bb0px\u00bb trigger_button_border_color=\u00bbRGBA(255,255,255,0)\u00bb trigger_button_font=\u00bbWork Sans||||||||\u00bb custom_close_button=\u00bbon\u00bb close_button_text_size=\u00bb15px\u00bb close_button_text_color=\u00bb#FFFFFF\u00bb close_button_bg_color=\u00bb#668e20&#8243; close_button_font=\u00bbWork Sans||||||||\u00bb text_orientation=\u00bbcenter\u00bb global_colors_info=\u00bb{}\u00bb]<\/p>\n<div id=\"lipsum\">\n<p>Oana Neamtu es directora de Marketing de Europa Sur en Jacobs Douwe Egberts (JDE), responsable de un portafolio de marcas globales y locales entre las cuales est\u00e1 L\u2019OR, Tassimo, Marcilla, Saimaza y Soley, en el mercado de caf\u00e9 en Espa\u00f1a.\u00a0<\/p>\n<p>Participa en proyectos de sostenibilidad, es miembro del Consejo de Administraci\u00f3n de ARECAFE, as\u00ed como en proyectos de Diversidad, Equidad e Inclusi\u00f3n. Licenciada en Administraci\u00f3n y Direcci\u00f3n de Empresas por la Universidad de Barcelona, PDD y PLD en IESE, Universidad de Navarra y Master en Global Digital Business por ISDI y RCD Harvard<\/p>\n<\/div>\n<p>[\/dipl_modal][\/et_pb_column][et_pb_column type=\u00bb1_5&#8243; _builder_version=\u00bb4.17.3&#8243; _module_preset=\u00bbdefault\u00bb global_colors_info=\u00bb{}\u00bb][et_pb_blurb title=\u00bbRoc\u00edo Hervella\u00bb image=\u00bbhttp:\/\/www.asociacioncafe.com\/congreso\/wp-content\/uploads\/2022\/05\/Rocio-Hervella-Durantez-1&#215;1-1.jpg\u00bb admin_label=\u00bbNombre y cargo RH\u00bb _builder_version=\u00bb4.17.4&#8243; _module_preset=\u00bbdefault\u00bb header_font=\u00bbOpen Sans|700|||||||\u00bb header_text_align=\u00bbcenter\u00bb header_text_color=\u00bb#FFFFFF\u00bb header_line_height=\u00bb3em\u00bb body_font=\u00bbWork Sans|300|||||||\u00bb body_text_align=\u00bbcenter\u00bb body_text_color=\u00bb#FFFFFF\u00bb body_font_size=\u00bb16px\u00bb border_radii_image=\u00bbon|1000px|1000px|1000px|1000px\u00bb global_colors_info=\u00bb{}\u00bb]<\/p>\n<p style=\"text-align: center;\">Vicepresidenta de AECaf\u00e9 y CEO de PROSOL<\/p>\n<p>[\/et_pb_blurb][dipl_modal trigger_button_text=\u00bbVer CV\u00bb modal_title=\u00bbRocio Hervella &#8211; CV\u00bb show_close_icon=\u00bboff\u00bb close_button_text=\u00bbCerrar\u00bb admin_label=\u00bb Ver CV Roc\u00edo Hervella\u00bb _builder_version=\u00bb4.17.4&#8243; _module_preset=\u00bbdefault\u00bb modal_title_text_font=\u00bbWork Sans|600|||||||\u00bb modal_body_text_font_size=\u00bb16px\u00bb modal_trigger_text_font=\u00bbWork Sans||||||||\u00bb custom_trigger_button=\u00bbon\u00bb trigger_button_text_size=\u00bb17px\u00bb trigger_button_text_color=\u00bb#668e20&#8243; trigger_button_bg_color=\u00bb#FFFFFF\u00bb trigger_button_border_width=\u00bb0px\u00bb trigger_button_border_color=\u00bbRGBA(255,255,255,0)\u00bb trigger_button_font=\u00bbWork Sans||||||||\u00bb custom_close_button=\u00bbon\u00bb close_button_text_size=\u00bb15px\u00bb close_button_text_color=\u00bb#FFFFFF\u00bb close_button_bg_color=\u00bb#668e20&#8243; close_button_font=\u00bbWork Sans||||||||\u00bb text_orientation=\u00bbcenter\u00bb global_colors_info=\u00bb{}\u00bb]<\/p>\n<div id=\"lipsum\">\n<p>Roc\u00edo Hervella es fundadora y CEO de PROSOL. Vicepresidenta de AECaf\u00e9 y Presidenta de Empresa Familiar de Castilla y Le\u00f3n (EFCL). Es miembro del Patronato de la Fundaci\u00f3n CRE100DO, miembro del Consejo Territorial de la Caixa\u00a0 y Miembro del Consejo Asesor de Alimentaci\u00f3n y Bebidas del IESE. Consejera dominical de DEOLEO.<\/p>\n<p>Ha sido miembro de la Junta Directiva del C\u00edrculo de Empresarios y fue Vicepresidente de Internacionalizaci\u00f3n, I+D y Formaci\u00f3n en FIAB. En 2018, fue elegida Empresaria del A\u00f1o en Espa\u00f1a a iniciativa de Caixabank, formando parte de la prestigiosa red internacional IWEC.<\/p>\n<p>Licenciada en Derecho por la Universidad de Valladolid, MBA por el Instituto de Empresa y ADECA del Instituto San Telmo.<\/p>\n<\/div>\n<p>[\/dipl_modal][\/et_pb_column][et_pb_column type=\u00bb1_5&#8243; _builder_version=\u00bb4.17.3&#8243; _module_preset=\u00bbdefault\u00bb global_colors_info=\u00bb{}\u00bb][et_pb_blurb title=\u00bbPedro Ru\u00edz \u00bb image=\u00bbhttp:\/\/www.asociacioncafe.com\/congreso\/wp-content\/uploads\/2022\/05\/Pedro-Ruiz_ALMA-CARRAOVEJAS_vf.jpg\u00bb admin_label=\u00bbNombre y cargo Pedro Ru\u00edz\u00bb _builder_version=\u00bb4.17.4&#8243; _module_preset=\u00bbdefault\u00bb header_font=\u00bbOpen Sans|700|||||||\u00bb header_text_align=\u00bbcenter\u00bb header_text_color=\u00bb#FFFFFF\u00bb header_line_height=\u00bb3em\u00bb body_font=\u00bbWork Sans|300|||||||\u00bb body_text_color=\u00bb#FFFFFF\u00bb body_font_size=\u00bb16px\u00bb border_radii_image=\u00bbon|1000px|1000px|1000px|1000px\u00bb global_colors_info=\u00bb{}\u00bb]<\/p>\n<p style=\"text-align: center;\">CEO de Alma de Carraovejas<\/p>\n<p>[\/et_pb_blurb][dipl_modal trigger_button_text=\u00bbVer CV\u00bb modal_title=\u00bbCV de Pedro Ru\u00edz\u00bb show_close_icon=\u00bboff\u00bb close_button_text=\u00bbCerrar\u00bb admin_label=\u00bb Ver CV Pedro Ru\u00edz\u00bb _builder_version=\u00bb4.17.4&#8243; _module_preset=\u00bbdefault\u00bb modal_title_text_font=\u00bbWork Sans|600|||||||\u00bb modal_body_text_font_size=\u00bb16px\u00bb modal_trigger_text_font=\u00bbWork Sans||||||||\u00bb custom_trigger_button=\u00bbon\u00bb trigger_button_text_size=\u00bb17px\u00bb trigger_button_text_color=\u00bb#668e20&#8243; trigger_button_bg_color=\u00bb#FFFFFF\u00bb trigger_button_border_width=\u00bb0px\u00bb trigger_button_border_color=\u00bbRGBA(255,255,255,0)\u00bb trigger_button_font=\u00bbWork Sans||||||||\u00bb custom_close_button=\u00bbon\u00bb close_button_text_size=\u00bb15px\u00bb close_button_text_color=\u00bb#FFFFFF\u00bb close_button_bg_color=\u00bb#668e20&#8243; close_button_font=\u00bbWork Sans||||||||\u00bb text_orientation=\u00bbcenter\u00bb global_colors_info=\u00bb{}\u00bb]<\/p>\n<div id=\"lipsum\">\n<p>\u200bPedro Ru\u00edz es CEO de Alma Carraovejas y dirige en la actualidad varios proyectos vitivin\u00edcolas en algunas de las zonas m\u00e1s prestigiosas de Espa\u00f1a; desde la \u00faltima incorporaci\u00f3n a Alma, Bodega Mara\u00f1ones, en sierra de Gredos; a la emblem\u00e1tica bodega Pago de Carraovejas, en la Ribera del Duero; pasando por Aiurri, localizado en Leza, en la Rioja Alavesa; Vi\u00f1a Me\u00edn-Emilio Rojo, en Ribeiro; Milsetentayseis, en las zonas de mayor altitud de la Ribera del Duero; y Ossian, en Nieva, Segovia.<\/p>\n<p>Tambi\u00e9n dirige otros proyectos del \u00e1mbito de la gastronom\u00eda, como el Restaurante Ambivium, con una Estrella Michelin; adem\u00e1s de SV Wines, importadora de vinos singulares; o la Fundaci\u00f3n Cultura L\u00edquida, que tiene como objetivo de promover la cultura del vino.<\/p>\n<\/div>\n<p>[\/dipl_modal][\/et_pb_column][et_pb_column type=\u00bb1_5&#8243; _builder_version=\u00bb4.17.3&#8243; _module_preset=\u00bbdefault\u00bb global_colors_info=\u00bb{}\u00bb][et_pb_blurb title=\u00bbRoberto Garc\u00eda\u00bb image=\u00bbhttp:\/\/www.asociacioncafe.com\/congreso\/wp-content\/uploads\/2022\/05\/Roberto-Garcia_Castilla-Termal.jpg\u00bb admin_label=\u00bbNombre y cargo Roberto Garc\u00eda\u00bb _builder_version=\u00bb4.17.4&#8243; _module_preset=\u00bbdefault\u00bb header_font=\u00bbOpen Sans|700|||||||\u00bb header_text_align=\u00bbcenter\u00bb header_text_color=\u00bb#FFFFFF\u00bb header_line_height=\u00bb3em\u00bb body_font=\u00bbWork Sans|300|||||||\u00bb body_text_align=\u00bbcenter\u00bb body_text_color=\u00bb#FFFFFF\u00bb body_font_size=\u00bb16px\u00bb border_radii_image=\u00bbon|1000px|1000px|1000px|1000px\u00bb global_colors_info=\u00bb{}\u00bb]<\/p>\n<p style=\"text-align: center;\">Presidente de Castilla Termal<\/p>\n<p>[\/et_pb_blurb][dipl_modal trigger_button_text=\u00bbVer CV\u00bb modal_title=\u00bbCV de Roberto Garc\u00eda\u00bb show_close_icon=\u00bboff\u00bb close_button_text=\u00bbCerrar\u00bb admin_label=\u00bb Ver CV Roberto Garc\u00eda\u00bb _builder_version=\u00bb4.17.4&#8243; _module_preset=\u00bbdefault\u00bb modal_title_text_font=\u00bbWork Sans|600|||||||\u00bb modal_body_text_font_size=\u00bb16px\u00bb modal_trigger_text_font=\u00bbWork Sans||||||||\u00bb custom_trigger_button=\u00bbon\u00bb trigger_button_text_size=\u00bb17px\u00bb trigger_button_text_color=\u00bb#668e20&#8243; trigger_button_bg_color=\u00bb#FFFFFF\u00bb trigger_button_border_width=\u00bb0px\u00bb trigger_button_border_color=\u00bbRGBA(255,255,255,0)\u00bb trigger_button_font=\u00bbWork Sans||||||||\u00bb custom_close_button=\u00bbon\u00bb close_button_text_size=\u00bb15px\u00bb close_button_text_color=\u00bb#FFFFFF\u00bb close_button_bg_color=\u00bb#668e20&#8243; close_button_font=\u00bbWork Sans||||||||\u00bb text_orientation=\u00bbcenter\u00bb global_colors_info=\u00bb{}\u00bb]<\/p>\n<div id=\"lipsum\">\n<table width=\"952\">\n<tbody>\n<tr>\n<td width=\"484\">\n<p>Roberto Garc\u00eda es Presidente de Castilla Termal.<\/p>\n<p>Nac\u00edo en Olmedo (Valladolid) hace 55 a\u00f1os. Estudi\u00f3 Turismo en Tenerife y realiz\u00f3 un Master en Gerencia y Direcci\u00f3n Hotelera por la Universidad Polit\u00e9cnica de Madrid. Adem\u00e1s hizo un curso superior de Gesti\u00f3n de Balnearios, Marketing, f &amp; b y otros.<\/p>\n<p>Trabaj\u00f3 en hoteles y ocup\u00f3 diferentes puestos desde valet haciendo habitaciones en Alemania, camarero y recepcionista en Paradores, jefe de recepci\u00f3n, subdirecci\u00f3n. Dirigi\u00f3 mi primer hotel con 26 a\u00f1os en Jerez y posteriormente otros 3 hoteles. Ha sido director general de los balnearios de Mondariz y La Toja.<\/p>\n<p>De La Toja, volvi\u00f3 a su tierra, Olmedo ( Valladolid), para rehabilitar el antiguo Convento de Sancti Spiritus de Olmedo y crear el primer hotel balneario de 4 estrellas de CyL.<\/p>\n<p>Posteriormente, fund\u00f3 Castilla Termal con la idea clara de combinar edificios hist\u00f3ricos y aguas termales en entornos naturales y con alma sostenible.<\/p>\n<p>A partir de aqu\u00ed, puso en marcha Castilla Termal Burgo de Osma, Castilla Termal Solares, Castilla Termal Valbuena y, pr\u00f3ximamamente, Castilla Termal Brihuega.<\/p>\n<\/td>\n<\/tr>\n<\/tbody>\n<\/table>\n<\/div>\n<p>[\/dipl_modal][\/et_pb_column][\/et_pb_row][et_pb_row _builder_version=\u00bb4.17.3&#8243; _module_preset=\u00bbdefault\u00bb max_width=\u00bb1200px\u00bb custom_padding=\u00bb1px|||||\u00bb global_colors_info=\u00bb{}\u00bb][et_pb_column type=\u00bb4_4&#8243; _builder_version=\u00bb4.17.3&#8243; _module_preset=\u00bbdefault\u00bb global_colors_info=\u00bb{}\u00bb][et_pb_divider color=\u00bb#FFFFFF\u00bb divider_position=\u00bbcenter\u00bb divider_weight=\u00bb2px\u00bb admin_label=\u00bbSeparador\u00bb _builder_version=\u00bb4.17.3&#8243; _module_preset=\u00bbdefault\u00bb global_colors_info=\u00bb{}\u00bb][\/et_pb_divider][\/et_pb_column][\/et_pb_row][et_pb_row column_structure=\u00bb1_5,1_5,1_5,1_5,1_5&#8243; make_equal=\u00bbon\u00bb _builder_version=\u00bb4.17.3&#8243; _module_preset=\u00bbdefault\u00bb max_width=\u00bb1200px\u00bb collapsed=\u00bboff\u00bb global_colors_info=\u00bb{}\u00bb][et_pb_column type=\u00bb1_5&#8243; _builder_version=\u00bb4.17.3&#8243; _module_preset=\u00bbdefault\u00bb global_colors_info=\u00bb{}\u00bb][et_pb_blurb title=\u00bbRicardo Oteros\u00bb image=\u00bbhttp:\/\/www.asociacioncafe.com\/congreso\/wp-content\/uploads\/2022\/05\/Ricardo-Oteros_SUPRACAFE.jpg\u00bb admin_label=\u00bbNombre y cargo RICARDO OTEROS\u00bb _builder_version=\u00bb4.17.4&#8243; _module_preset=\u00bbdefault\u00bb header_font=\u00bbWork Sans|700|||||||\u00bb header_text_align=\u00bbcenter\u00bb header_text_color=\u00bb#FFFFFF\u00bb header_line_height=\u00bb3em\u00bb body_font=\u00bbWork Sans|300|||||||\u00bb body_text_color=\u00bb#FFFFFF\u00bb body_font_size=\u00bb16px\u00bb border_radii_image=\u00bbon|1000px|1000px|1000px|1000px\u00bb global_colors_info=\u00bb{}\u00bb]<\/p>\n<p style=\"text-align: center;\">CEO de Supracaf\u00e9<\/p>\n<p>[\/et_pb_blurb][dipl_modal trigger_button_text=\u00bbVer CV\u00bb modal_title=\u00bbCV de Ricardo Oteros\u00bb show_close_icon=\u00bboff\u00bb close_button_text=\u00bbCerrar\u00bb admin_label=\u00bb Ver CV RICARDO OTEROS\u00bb _builder_version=\u00bb4.17.4&#8243; _module_preset=\u00bbdefault\u00bb modal_title_text_font=\u00bbWork Sans|600|||||||\u00bb modal_body_text_font_size=\u00bb16px\u00bb modal_trigger_text_font=\u00bbWork Sans||||||||\u00bb custom_trigger_button=\u00bbon\u00bb trigger_button_text_size=\u00bb17px\u00bb trigger_button_text_color=\u00bb#668e20&#8243; trigger_button_bg_color=\u00bb#FFFFFF\u00bb trigger_button_border_width=\u00bb0px\u00bb trigger_button_border_color=\u00bbRGBA(255,255,255,0)\u00bb trigger_button_font=\u00bbWork Sans||||||||\u00bb custom_close_button=\u00bbon\u00bb close_button_text_size=\u00bb15px\u00bb close_button_text_color=\u00bb#FFFFFF\u00bb close_button_bg_color=\u00bb#668e20&#8243; close_button_font=\u00bbWork Sans||||||||\u00bb text_orientation=\u00bbcenter\u00bb global_colors_info=\u00bb{}\u00bb]<\/p>\n<p>Ricardo Oteros es fundador y CEO de SUPRACAFE. Economista, AST SCA, Q-Grader, Q-Proccesing.<\/p>\n<p>Presidente de la FUNDACION CAFEMUNDI, y miembro del board del SUSTAINBLE COFFEE CHALLENGE y de la Asociaci\u00f3n Espa\u00f1ola del Caf\u00e9 y del FORUM DEL CAF\u00c9. Miembro fundador de TECNICAFE. Presidente de la ASOCIACION DE INDUSTRIAS ALIMENTARIAS DE LA COMUNIDAD DE MADRID ASEACAM y miembro de la JUNTA DIRECTIVA DE CEIM.<\/p>\n<p>[\/dipl_modal][\/et_pb_column][et_pb_column type=\u00bb1_5&#8243; _builder_version=\u00bb4.17.3&#8243; _module_preset=\u00bbdefault\u00bb global_colors_info=\u00bb{}\u00bb][et_pb_blurb title=\u00bbAlejandro Rodr\u00edguez\u00bb image=\u00bbhttp:\/\/www.asociacioncafe.com\/congreso\/wp-content\/uploads\/2022\/05\/Alejandro-Rodriguez.jpg\u00bb admin_label=\u00bbNombre y cargo ALEJANDRO RODR\u00cdGUEZ\u00bb _builder_version=\u00bb4.17.4&#8243; _module_preset=\u00bbdefault\u00bb header_font=\u00bbOpen Sans|700|||||||\u00bb header_text_align=\u00bbcenter\u00bb header_text_color=\u00bb#FFFFFF\u00bb header_line_height=\u00bb3em\u00bb body_font=\u00bbWork Sans|300|||||||\u00bb body_text_color=\u00bb#FFFFFF\u00bb body_font_size=\u00bb16px\u00bb border_radii_image=\u00bbon|1000px|1000px|1000px|1000px\u00bb global_colors_info=\u00bb{}\u00bb]<\/p>\n<p style=\"text-align: center;\">Director Comercial de Caf\u00e9s El Globo y CQI<\/p>\n<p>[\/et_pb_blurb][dipl_modal trigger_button_text=\u00bbVer CV\u00bb modal_title=\u00bbCV de Alejandro Rodr\u00edguez\u00bb show_close_icon=\u00bboff\u00bb close_button_text=\u00bbCerrar\u00bb admin_label=\u00bb Ver CV ALEJANDRO RODR\u00cdGUEZ\u00bb _builder_version=\u00bb4.17.4&#8243; _module_preset=\u00bbdefault\u00bb modal_title_text_font=\u00bbWork Sans|600|||||||\u00bb modal_body_text_font_size=\u00bb16px\u00bb modal_trigger_text_font=\u00bbWork Sans||||||||\u00bb custom_trigger_button=\u00bbon\u00bb trigger_button_text_size=\u00bb17px\u00bb trigger_button_text_color=\u00bb#668e20&#8243; trigger_button_bg_color=\u00bb#FFFFFF\u00bb trigger_button_border_width=\u00bb0px\u00bb trigger_button_border_color=\u00bbRGBA(255,255,255,0)\u00bb trigger_button_font=\u00bbWork Sans||||||||\u00bb custom_close_button=\u00bbon\u00bb close_button_text_size=\u00bb15px\u00bb close_button_text_color=\u00bb#FFFFFF\u00bb close_button_bg_color=\u00bb#668e20&#8243; close_button_font=\u00bbWork Sans||||||||\u00bb text_orientation=\u00bbcenter\u00bb global_colors_info=\u00bb{}\u00bb]<\/p>\n<div id=\"lipsum\">\n<p>Alejandro Rodr\u00edguez es Licenciado en Administraci\u00f3n y Direcci\u00f3n de Empresas por la Universidad de Oviedo. Continu\u00f3 sus estudios de posgrado en esta misma universidad realizando un M\u00e1ster en investigaci\u00f3n en Econom\u00eda y Sociolog\u00eda de la Globalizaci\u00f3n.<\/p>\n<p>Posteriormente, se especializ\u00f3 en Comercio Internacional cursando un M\u00e1ster en la C\u00e1mara de Comercio de Oviedo.<\/p>\n<p>Comenz\u00f3 su carrera laboral en Caf\u00e9s el Globo como vendedor-autoventa. Empresa en la que continu\u00f3 aprendiendo, trabajando y disfrutando. Desde hace casi una d\u00e9cada ocupa el cargo de Director Comercial.<\/p>\n<p>Ha sido juez sensorial en varios campeonatos baristas y Barista Skill Intermediate por la SCA.<\/p>\n<p>Desde 2017 tiene el t\u00edtulo de Q Arabica Grader y en 2021 obtiene el de<\/p>\n<p>Quality Evaluation Lecturer, t\u00edtulo que otorga el CQI, siendo uno de los 5 primeros en obtenerlo en Europa.<\/p>\n<\/div>\n<p>[\/dipl_modal][\/et_pb_column][et_pb_column type=\u00bb1_5&#8243; _builder_version=\u00bb4.17.3&#8243; _module_preset=\u00bbdefault\u00bb global_colors_info=\u00bb{}\u00bb][et_pb_blurb title=\u00bbFran Bernal\u00bb image=\u00bbhttp:\/\/www.asociacioncafe.com\/congreso\/wp-content\/uploads\/2022\/05\/Fran-Bernal_CafeLab.jpg\u00bb admin_label=\u00bbNombre y cargo FRAN BERNAL\u00bb _builder_version=\u00bb4.17.4&#8243; _module_preset=\u00bbdefault\u00bb header_font=\u00bbOpen Sans|700|||||||\u00bb header_text_align=\u00bbcenter\u00bb header_text_color=\u00bb#FFFFFF\u00bb header_line_height=\u00bb3em\u00bb body_font=\u00bbWork Sans|300|||||||\u00bb body_text_color=\u00bb#FFFFFF\u00bb body_font_size=\u00bb16px\u00bb border_radii_image=\u00bbon|1000px|1000px|1000px|1000px\u00bb global_colors_info=\u00bb{}\u00bb]<\/p>\n<p style=\"text-align: center;\">CEO de Caf\u00e9Lab y Maestro Tostador de Caf\u00e9s Bernal<\/p>\n<p>[\/et_pb_blurb][dipl_modal trigger_button_text=\u00bbVer CV\u00bb modal_title=\u00bbCV de Fran Bernal\u00bb show_close_icon=\u00bboff\u00bb close_button_text=\u00bbCerrar\u00bb admin_label=\u00bb Ver CV FRAN BERNAL\u00bb _builder_version=\u00bb4.17.4&#8243; _module_preset=\u00bbdefault\u00bb modal_title_text_font=\u00bbWork Sans|600|||||||\u00bb modal_body_text_font_size=\u00bb16px\u00bb modal_trigger_text_font=\u00bbWork Sans||||||||\u00bb custom_trigger_button=\u00bbon\u00bb trigger_button_text_size=\u00bb17px\u00bb trigger_button_text_color=\u00bb#668e20&#8243; trigger_button_bg_color=\u00bb#FFFFFF\u00bb trigger_button_border_width=\u00bb0px\u00bb trigger_button_border_color=\u00bbRGBA(255,255,255,0)\u00bb trigger_button_font=\u00bbWork Sans||||||||\u00bb custom_close_button=\u00bbon\u00bb close_button_text_size=\u00bb15px\u00bb close_button_text_color=\u00bb#FFFFFF\u00bb close_button_bg_color=\u00bb#668e20&#8243; close_button_font=\u00bbWork Sans||||||||\u00bb text_orientation=\u00bbcenter\u00bb global_colors_info=\u00bb{}\u00bb]<\/p>\n<div id=\"lipsum\">\n<p>Fran Bernal es CEO de Caf\u00e9lab y Maestro Tostador de Caf\u00e9s Bernal. Toda mi vida gira en torno al caf\u00e9: nac\u00ed con el aroma de los granos reci\u00e9n tostados en el tostadero familiar que hab\u00eda justo debajo de mi habitaci\u00f3n. Con muy pocos a\u00f1os aprend\u00ed a envasarlo y a venderlo, sentando, sin saberlo, las bases de lo que ser\u00eda mi vida.<\/p>\n<p>Mi curiosidad innata y mi capacidad de observaci\u00f3n me convirtieron, con el tiempo, en t\u00e9cnico de cafeteras. Repartiendo caf\u00e9 me form\u00e9 como comercial y relaciones p\u00fablicas de la marca.<\/p>\n<p>Me licenci\u00e9 como empresario y con los a\u00f1os relev\u00e9 a mi padre como maestro tostador de Caf\u00e9s Bernal. Mi afici\u00f3n por los trabajos artesanales me condujo a montar -con mis propias manos- mi primera cafeter\u00eda de especialidad, estren\u00e1ndome as\u00ed como decorador y dise\u00f1ador de interiores.<\/p>\n<p>Mis conocimientos sobre el sector me llevaron a ser ponente, y mi obsesi\u00f3n por difundir la cultura del caf\u00e9 me motiv\u00f3 a crear mi propia Escuela Barista Expert Caf\u00e9Lab, donde soy formador.<\/p>\n<\/div>\n<p>[\/dipl_modal][\/et_pb_column][et_pb_column type=\u00bb1_5&#8243; _builder_version=\u00bb4.17.3&#8243; _module_preset=\u00bbdefault\u00bb global_colors_info=\u00bb{}\u00bb][et_pb_blurb title=\u00bbJorge G\u00f3mez\u00bb image=\u00bbhttp:\/\/www.asociacioncafe.com\/congreso\/wp-content\/uploads\/2022\/05\/Jorge-Gomez_CAFES-SIBONEY_01.jpg\u00bb admin_label=\u00bbNombre y cargo JORGE G\u00d3MEZ \u00bb _builder_version=\u00bb4.17.4&#8243; _module_preset=\u00bbdefault\u00bb header_font=\u00bbOpen Sans|700|||||||\u00bb header_text_align=\u00bbcenter\u00bb header_text_color=\u00bb#FFFFFF\u00bb header_line_height=\u00bb3em\u00bb body_font=\u00bbWork Sans|300|||||||\u00bb body_text_color=\u00bb#FFFFFF\u00bb body_font_size=\u00bb16px\u00bb border_radii_image=\u00bbon|1000px|1000px|1000px|1000px\u00bb global_colors_info=\u00bb{}\u00bb]<\/p>\n<p style=\"text-align: center;\">Director General de Caf\u00e9s Siboney<\/p>\n<p>[\/et_pb_blurb][dipl_modal trigger_button_text=\u00bbVer CV\u00bb modal_title=\u00bbCV de Jorge G\u00f3mez\u00bb show_close_icon=\u00bboff\u00bb close_button_text=\u00bbCerrar\u00bb admin_label=\u00bb Ver CV JORGE G\u00d3MEZ\u00bb _builder_version=\u00bb4.17.4&#8243; _module_preset=\u00bbdefault\u00bb modal_title_text_font=\u00bbWork Sans|600|||||||\u00bb modal_body_text_font_size=\u00bb16px\u00bb modal_trigger_text_font=\u00bbWork Sans||||||||\u00bb custom_trigger_button=\u00bbon\u00bb trigger_button_text_size=\u00bb17px\u00bb trigger_button_text_color=\u00bb#668e20&#8243; trigger_button_bg_color=\u00bb#FFFFFF\u00bb trigger_button_border_width=\u00bb0px\u00bb trigger_button_border_color=\u00bbRGBA(255,255,255,0)\u00bb trigger_button_font=\u00bbWork Sans||||||||\u00bb custom_close_button=\u00bbon\u00bb close_button_text_size=\u00bb15px\u00bb close_button_text_color=\u00bb#FFFFFF\u00bb close_button_bg_color=\u00bb#668e20&#8243; close_button_font=\u00bbWork Sans||||||||\u00bb text_orientation=\u00bbcenter\u00bb global_colors_info=\u00bb{}\u00bb]<\/p>\n<div id=\"lipsum\">\n<p>Jorge G\u00f3mez es Director General de Caf\u00e9s Siboney. Tras acabar sus estudios de ADE en la Universidad de la Coru\u00f1a en 1992, entra en en el departamento de administraci\u00f3n Caf\u00e9s Siboney.<\/p>\n<p>En el a\u00f1o 1994 pasa a ser Director Financiero y sigue form\u00e1ndose en Liderazgo y Gesti\u00f3n de Equipos, as\u00ed como en Gesti\u00f3n de Empresas Agroalimentarias en la escuela de negocios Caixa Nova.<\/p>\n<p>En el a\u00f1o 2000, tras el fallecimiento de su abuelo y fundador de la empresa, pasa a ocupar el puesto de Director General gestionando la empresa, en un primer momento, junto a su padre Ces\u00e1reo que fallecer\u00eda un a\u00f1o despu\u00e9s.<\/p>\n<p>En esa \u00e9poca, su hermano Ignacio que llevaba algunos a\u00f1os viviendo en Londres, vuelve a la empresa. A partir de ese momento dinamizan el plan de empresa y apuestan por lo que en la actualidad son sus tres pilares: Viajar a origen y apoyar a los peque\u00f1os productores locales; apostar por la sostenibilidad, desde la compra del grano hasta la taza final; y acercar el caf\u00e9 de finca, en un primer momento, a la hosteler\u00eda; y m\u00e1s tarde al cliente final a trav\u00e9s de las boutiques Siboney, aulas de formaci\u00f3n y tienda online.<\/p>\n<\/div>\n<p>[\/dipl_modal][\/et_pb_column][et_pb_column type=\u00bb1_5&#8243; _builder_version=\u00bb4.17.3&#8243; _module_preset=\u00bbdefault\u00bb global_colors_info=\u00bb{}\u00bb][et_pb_blurb title=\u00bbMarcos A. Matos\u00bb image=\u00bbhttp:\/\/www.asociacioncafe.com\/congreso\/wp-content\/uploads\/2022\/05\/Marcos-Antonio_CECAFE.jpg\u00bb admin_label=\u00bbNombre y cargo MARCOS ANT \u00bb _builder_version=\u00bb4.17.4&#8243; _module_preset=\u00bbdefault\u00bb header_font=\u00bbOpen Sans|700|||||||\u00bb header_text_align=\u00bbcenter\u00bb header_text_color=\u00bb#FFFFFF\u00bb header_line_height=\u00bb3em\u00bb body_font=\u00bbWork Sans|300|||||||\u00bb body_text_color=\u00bb#FFFFFF\u00bb body_font_size=\u00bb16px\u00bb border_radii_image=\u00bbon|1000px|1000px|1000px|1000px\u00bb global_colors_info=\u00bb{}\u00bb]<\/p>\n<p style=\"text-align: center;\">Director General de Conselho dos Exportadores de Caf\u00e9 do Brasil (Cecaf\u00e9)<\/p>\n<p>[\/et_pb_blurb][dipl_modal trigger_button_text=\u00bbVer CV\u00bb modal_title=\u00bbCV de Marcos Antonio Matos\u00bb show_close_icon=\u00bboff\u00bb close_button_text=\u00bbCerrar\u00bb admin_label=\u00bb Ver CV MARCOS ANT\u00bb _builder_version=\u00bb4.17.4&#8243; _module_preset=\u00bbdefault\u00bb modal_title_text_font=\u00bbWork Sans|600|||||||\u00bb modal_body_text_font_size=\u00bb16px\u00bb modal_trigger_text_font=\u00bbWork Sans||||||||\u00bb custom_trigger_button=\u00bbon\u00bb trigger_button_text_size=\u00bb17px\u00bb trigger_button_text_color=\u00bb#668e20&#8243; trigger_button_bg_color=\u00bb#FFFFFF\u00bb trigger_button_border_width=\u00bb0px\u00bb trigger_button_border_color=\u00bbRGBA(255,255,255,0)\u00bb trigger_button_font=\u00bbWork Sans||||||||\u00bb custom_close_button=\u00bbon\u00bb close_button_text_size=\u00bb15px\u00bb close_button_text_color=\u00bb#FFFFFF\u00bb close_button_bg_color=\u00bb#668e20&#8243; close_button_font=\u00bbWork Sans||||||||\u00bb text_orientation=\u00bbcenter\u00bb global_colors_info=\u00bb{}\u00bb]<\/p>\n<div id=\"lipsum\">\n<p>Marcos Matos cuenta con m\u00e1s de 20 a\u00f1os de experiencia en agronegocios. En la actualidad, es director general de Cecaf\u00e9 (Conselho dos Exportadores de Caf\u00e9 do Brasil), cargo que ostenta desde 2016.<\/p>\n<p>Fue director general de la Asociaci\u00f3n Brasile\u00f1a de Agronegocios (Abag\/RP). Tambi\u00e9n trabaj\u00f3 en el \u00c1rea de Gesti\u00f3n de Proyectos de la Fundaci\u00f3n Get\u00falio Vargas.<\/p>\n<p>Marcos tiene el <u>Bachelor Degree<\/u> en Ingenier\u00eda Agron\u00f3mica y Maestr\u00eda en Agronom\u00eda, ambos t\u00edtulos obtenidos en la Facultad de Agricultura \u201cLuiz de Queiroz\u201d de la Universidad de S\u00e3o Paulo (ESALQ\/USP). Ha publicado alrededor de 70 art\u00edculos en revistas y peri\u00f3dicos y ha participado como ponente en diversos congresos.<\/p>\n<\/div>\n<p>[\/dipl_modal][\/et_pb_column][\/et_pb_row][et_pb_row _builder_version=\u00bb4.17.3&#8243; _module_preset=\u00bbdefault\u00bb max_width=\u00bb1200px\u00bb custom_padding=\u00bb1px|||||\u00bb global_colors_info=\u00bb{}\u00bb][et_pb_column type=\u00bb4_4&#8243; _builder_version=\u00bb4.17.3&#8243; _module_preset=\u00bbdefault\u00bb global_colors_info=\u00bb{}\u00bb][et_pb_divider color=\u00bb#FFFFFF\u00bb divider_position=\u00bbcenter\u00bb divider_weight=\u00bb2px\u00bb _builder_version=\u00bb4.17.3&#8243; _module_preset=\u00bbdefault\u00bb global_colors_info=\u00bb{}\u00bb][\/et_pb_divider][\/et_pb_column][\/et_pb_row][et_pb_row column_structure=\u00bb1_5,1_5,1_5,1_5,1_5&#8243; make_equal=\u00bbon\u00bb _builder_version=\u00bb4.17.3&#8243; _module_preset=\u00bbdefault\u00bb max_width=\u00bb1200px\u00bb collapsed=\u00bboff\u00bb global_colors_info=\u00bb{}\u00bb][et_pb_column type=\u00bb1_5&#8243; _builder_version=\u00bb4.17.3&#8243; _module_preset=\u00bbdefault\u00bb global_colors_info=\u00bb{}\u00bb][et_pb_blurb title=\u00bbHenrique Sloper\u00bb image=\u00bbhttp:\/\/www.asociacioncafe.com\/congreso\/wp-content\/uploads\/2022\/05\/Henrique-Sloper_BSCA.png\u00bb admin_label=\u00bbNombre y cargo HENRIQUE SLOPER\u00bb _builder_version=\u00bb4.17.4&#8243; _module_preset=\u00bbdefault\u00bb header_font=\u00bbWork Sans|700|||||||\u00bb header_text_align=\u00bbcenter\u00bb header_text_color=\u00bb#FFFFFF\u00bb header_line_height=\u00bb3em\u00bb body_font=\u00bbWork Sans|300|||||||\u00bb body_text_color=\u00bb#FFFFFF\u00bb body_font_size=\u00bb16px\u00bb border_radii_image=\u00bbon|1000px|1000px|1000px|1000px\u00bb global_colors_info=\u00bb{}\u00bb]<\/p>\n<p style=\"text-align: center;\">Ex presidente de Associa\u00e7ao Brasileira de Caf\u00e9s Especiales (BSCA)<\/p>\n<p>[\/et_pb_blurb][dipl_modal trigger_button_text=\u00bbVer CV\u00bb modal_title=\u00bbCV de Henrique Sloper\u00bb show_close_icon=\u00bboff\u00bb close_button_text=\u00bbCerrar\u00bb admin_label=\u00bb Ver CV HENRIQUE SLOPER\u00bb _builder_version=\u00bb4.17.4&#8243; _module_preset=\u00bbdefault\u00bb modal_title_text_font=\u00bbWork Sans|600|||||||\u00bb modal_body_text_font_size=\u00bb16px\u00bb modal_trigger_text_font=\u00bbWork Sans||||||||\u00bb custom_trigger_button=\u00bbon\u00bb trigger_button_text_size=\u00bb17px\u00bb trigger_button_text_color=\u00bb#668e20&#8243; trigger_button_bg_color=\u00bb#FFFFFF\u00bb trigger_button_border_width=\u00bb0px\u00bb trigger_button_border_color=\u00bbRGBA(255,255,255,0)\u00bb trigger_button_font=\u00bbWork Sans||||||||\u00bb custom_close_button=\u00bbon\u00bb close_button_text_size=\u00bb15px\u00bb close_button_text_color=\u00bb#FFFFFF\u00bb close_button_bg_color=\u00bb#668e20&#8243; close_button_font=\u00bbWork Sans||||||||\u00bb text_orientation=\u00bbcenter\u00bb global_colors_info=\u00bb{}\u00bb]<\/p>\n<div id=\"lipsum\">\n<p>Henrique Araujo es CEO de Casa Sloper S.A. (fundada en 1899) y Camocim Organic (fundada en 1999). Productor y exportador de caf\u00e9 org\u00e1nico especial certificado por IBD y biodin\u00e1mico por DEMETER. Es miembro permanente de la junta ejecutiva de la Asociaci\u00f3n Brasile\u00f1a de Caf\u00e9s Especiales (BSCA) y miembro de Renaissance des Apellations.<\/p>\n<p>Fue Presidente (2013\/2014) y Vicepresidente (2012\/2013) de BSCA. Gan\u00f3 la CUP of Excellence (2017) con el mejor caf\u00e9 natural de Brasil.<\/p>\n<p>Es un Q-Grader y Catador\/Clasificador de Caf\u00e9 certificado. Estudi\u00f3 Ingenier\u00eda en la Universidad Federal de R\u00edo de Janeiro, Negocios en la Universidad C\u00e2ndido Mendes y Marketing en la Universidad de California en Los \u00c1ngeles.<\/p>\n<\/div>\n<p>[\/dipl_modal][\/et_pb_column][et_pb_column type=\u00bb1_5&#8243; _builder_version=\u00bb4.17.3&#8243; _module_preset=\u00bbdefault\u00bb global_colors_info=\u00bb{}\u00bb][et_pb_blurb title=\u00bbToni Nadal\u00bb image=\u00bbhttp:\/\/www.asociacioncafe.com\/congreso\/wp-content\/uploads\/2022\/05\/Toni-Nadal_PONENTE_02.jpg\u00bb admin_label=\u00bbNombre y cargo TONI NADAL\u00bb _builder_version=\u00bb4.17.4&#8243; _module_preset=\u00bbdefault\u00bb header_font=\u00bbOpen Sans|700|||||||\u00bb header_text_align=\u00bbcenter\u00bb header_text_color=\u00bb#FFFFFF\u00bb header_line_height=\u00bb3em\u00bb body_font=\u00bbWork Sans|300|||||||\u00bb body_text_color=\u00bb#FFFFFF\u00bb body_font_size=\u00bb16px\u00bb border_radii_image=\u00bbon|1000px|1000px|1000px|1000px\u00bb global_colors_info=\u00bb{}\u00bb]<\/p>\n<p style=\"text-align: center;\">Entrenador de tenis y Director Deportivo de la Rafa Nadal Academy<\/p>\n<p>[\/et_pb_blurb][dipl_modal trigger_button_text=\u00bbVer CV\u00bb modal_title=\u00bbCV de Toni Nadal\u00bb show_close_icon=\u00bboff\u00bb close_button_text=\u00bbCerrar\u00bb admin_label=\u00bb Ver CV TONI NADAL\u00bb _builder_version=\u00bb4.17.4&#8243; _module_preset=\u00bbdefault\u00bb modal_title_text_font=\u00bbWork Sans|600|||||||\u00bb modal_body_text_font_size=\u00bb16px\u00bb modal_trigger_text_font=\u00bbWork Sans||||||||\u00bb custom_trigger_button=\u00bbon\u00bb trigger_button_text_size=\u00bb17px\u00bb trigger_button_text_color=\u00bb#668e20&#8243; trigger_button_bg_color=\u00bb#FFFFFF\u00bb trigger_button_border_width=\u00bb0px\u00bb trigger_button_border_color=\u00bbRGBA(255,255,255,0)\u00bb trigger_button_font=\u00bbWork Sans||||||||\u00bb custom_close_button=\u00bbon\u00bb close_button_text_size=\u00bb15px\u00bb close_button_text_color=\u00bb#FFFFFF\u00bb close_button_bg_color=\u00bb#668e20&#8243; close_button_font=\u00bbWork Sans||||||||\u00bb text_orientation=\u00bbcenter\u00bb global_colors_info=\u00bb{}\u00bb]<\/p>\n<div id=\"lipsum\">\n<p>Toni Nadal\u00a0es un entrenador de\u00a0tenis\u00a0espa\u00f1ol. Su faceta como entrenador comenz\u00f3 en el club de tenis Manacor, del que lleg\u00f3 a ser director. Ha sido entrenador durante 27 a\u00f1os del jugador de tenis profesional Rafa Nadal. Actualmente es Director Deportivo de la Rafa Nadal Academy.<\/p>\n<p>A Toni siempre le ha gustado m\u00e1s definirse como \u201cformador\u201d, ya que siempre ha considerado que en la formaci\u00f3n de cualquier deportista es fundamental trabajar tres aspectos: el trabajo t\u00e9cnico, la formaci\u00f3n del car\u00e1cter y la formaci\u00f3n en valores.<\/p>\n<p>Como entrenador, ha cosechado junto a Rafa Nadal uno de los palmares m\u00e1s exitosos de la historia del circuito internacional de tenis: 74 torneos en total; 16 gran slam entre los que destacan 10 Roland Garro, 3 US open, 2 torneos de Winblendon y 1 open de Australia; 4 copas Davis; 2 juegos ol\u00edmpicos.<\/p>\n<p>&nbsp;<\/p>\n<p>Actualmente compatibiliza su labor como Head of Rafa Nadal Academy con su faceta de conferenciante con charlas dirigidas a entrenadores deportivos, j\u00f3venes y empresas. En sus conferencias habla sobre gesti\u00f3n de la adversidad, simplicidad, autoexigencia, respeto, compromiso, la mejora constante y no sobrevalorar los \u00e9xitos ni magnificar las derrotas.<\/p>\n<\/div>\n<p>[\/dipl_modal][\/et_pb_column][et_pb_column type=\u00bb1_5&#8243; _builder_version=\u00bb4.17.3&#8243; _module_preset=\u00bbdefault\u00bb global_colors_info=\u00bb{}\u00bb][et_pb_blurb title=\u00bbJose Miguel Herrero\u00bb image=\u00bbhttp:\/\/www.asociacioncafe.com\/congreso\/wp-content\/uploads\/2022\/05\/Jose-Miguel-Herrero_PONENTE_DG-INDUSTRIA-ALIMENTARIA.jpg\u00bb admin_label=\u00bbNombre y cargo JOSE MIGUEL HERRERO\u00bb _builder_version=\u00bb4.17.4&#8243; _module_preset=\u00bbdefault\u00bb header_font=\u00bbOpen Sans|700|||||||\u00bb header_text_align=\u00bbcenter\u00bb header_text_color=\u00bb#FFFFFF\u00bb header_line_height=\u00bb3em\u00bb body_font=\u00bbWork Sans|300|||||||\u00bb body_text_color=\u00bb#FFFFFF\u00bb body_font_size=\u00bb16px\u00bb border_radii_image=\u00bbon|1000px|1000px|1000px|1000px\u00bb global_colors_info=\u00bb{}\u00bb]<\/p>\n<p style=\"text-align: center;\">Director General de la Industria Alimentaria (MAPA)<\/p>\n<p>[\/et_pb_blurb][dipl_modal trigger_button_text=\u00bbVer CV\u00bb modal_title=\u00bbCV de Jose Miguel Herrero\u00bb show_close_icon=\u00bboff\u00bb close_button_text=\u00bbCerrar\u00bb admin_label=\u00bb Ver CV JOSE MIGUEL HERRERO\u00bb _builder_version=\u00bb4.17.4&#8243; _module_preset=\u00bbdefault\u00bb modal_title_text_font=\u00bbWork Sans|600|||||||\u00bb modal_body_text_font_size=\u00bb16px\u00bb modal_trigger_text_font=\u00bbWork Sans||||||||\u00bb custom_trigger_button=\u00bbon\u00bb trigger_button_text_size=\u00bb17px\u00bb trigger_button_text_color=\u00bb#668e20&#8243; trigger_button_bg_color=\u00bb#FFFFFF\u00bb trigger_button_border_width=\u00bb0px\u00bb trigger_button_border_color=\u00bbRGBA(255,255,255,0)\u00bb trigger_button_font=\u00bbWork Sans||||||||\u00bb custom_close_button=\u00bbon\u00bb close_button_text_size=\u00bb15px\u00bb close_button_text_color=\u00bb#FFFFFF\u00bb close_button_bg_color=\u00bb#668e20&#8243; close_button_font=\u00bbWork Sans||||||||\u00bb text_orientation=\u00bbcenter\u00bb global_colors_info=\u00bb{}\u00bb]<\/p>\n<div id=\"lipsum\">\n<p>Jos\u00e9 Miguel Herrero es Ingeniero Agr\u00f3nomo de la especialidad de Econom\u00eda Agraria por la Universidad Polit\u00e9cnica de Madrid, M\u00e1ster en Comercio Exterior y experto en An\u00e1lisis de Datos por la Universidad Complutense.<\/p>\n<p>Actualmente y desde junio de 2018 ocupa el cargo de Director General de la Industria Alimentaria desde donde impulsa y lidera el cambio en el sector agroalimentario. Promueve y defiende los alimentos de Espa\u00f1a; facilita el di\u00e1logo entre agricultores y ganaderos, industria alimentaria y distribuci\u00f3n; lucha contra el fraude y desperdicio alimentario, y vela por la calidad y transparencia del sector.<\/p>\n<p>Recientemente ha participado en la regulaci\u00f3n de la normativa de calidad del aceite de oliva, del pan y est\u00e1 muy implicado en la nueva ley de la Cadena Alimentaria, y en el proyecto de ley de P\u00e9rdidas y Desperdicio Alimentario.<\/p>\n<\/div>\n<p>[\/dipl_modal][\/et_pb_column][et_pb_column type=\u00bb1_5&#8243; _builder_version=\u00bb4.17.3&#8243; _module_preset=\u00bbdefault\u00bb global_colors_info=\u00bb{}\u00bb][et_pb_blurb title=\u00bbNati Melendre\u00bb image=\u00bbhttp:\/\/www.asociacioncafe.com\/congreso\/wp-content\/uploads\/2022\/05\/Nati-Melendre_MODERADORA_02.jpg\u00bb admin_label=\u00bbNombre y cargo NATI MELENDRE\u00bb _builder_version=\u00bb4.17.4&#8243; _module_preset=\u00bbdefault\u00bb header_font=\u00bbOpen Sans|700|||||||\u00bb header_text_align=\u00bbcenter\u00bb header_text_color=\u00bb#FFFFFF\u00bb header_line_height=\u00bb3em\u00bb body_font=\u00bbWork Sans|300|||||||\u00bb body_text_color=\u00bb#FFFFFF\u00bb body_font_size=\u00bb16px\u00bb border_radii_image=\u00bbon|1000px|1000px|1000px|1000px\u00bb global_colors_info=\u00bb{}\u00bb]<\/p>\n<p style=\"text-align: center;\">Presentadora de televisi\u00f3n<\/p>\n<p>[\/et_pb_blurb][dipl_modal trigger_button_text=\u00bbVer CV\u00bb modal_title=\u00bbCV de Nati Melendre\u00bb show_close_icon=\u00bboff\u00bb close_button_text=\u00bbCerrar\u00bb admin_label=\u00bb Ver CV NATI MELENDRE\u00bb _builder_version=\u00bb4.17.4&#8243; _module_preset=\u00bbdefault\u00bb modal_title_text_font=\u00bbWork Sans|600|||||||\u00bb modal_body_text_font_size=\u00bb16px\u00bb modal_trigger_text_font=\u00bbWork Sans||||||||\u00bb custom_trigger_button=\u00bbon\u00bb trigger_button_text_size=\u00bb17px\u00bb trigger_button_text_color=\u00bb#668e20&#8243; trigger_button_bg_color=\u00bb#FFFFFF\u00bb trigger_button_border_width=\u00bb0px\u00bb trigger_button_border_color=\u00bbRGBA(255,255,255,0)\u00bb trigger_button_font=\u00bbWork Sans||||||||\u00bb custom_close_button=\u00bbon\u00bb close_button_text_size=\u00bb15px\u00bb close_button_text_color=\u00bb#FFFFFF\u00bb close_button_bg_color=\u00bb#668e20&#8243; close_button_font=\u00bbWork Sans||||||||\u00bb text_orientation=\u00bbcenter\u00bb global_colors_info=\u00bb{}\u00bb]<\/p>\n<div id=\"lipsum\">\n<p>Nati Melendre es periodista y presentadora de televisi\u00f3n con 25 a\u00f1os de experiencia profesional. Comenz\u00f3 su carrera en el peri\u00f3dico \u201cEl Norte de Castilla\u201d\u00a0 y tras su paso por Radio Nacional de Espa\u00f1a, desembarc\u00f3 en la televisi\u00f3n auton\u00f3mica de Castilla y Le\u00f3n donde desarroll\u00f3 gran parte de su vida profesional.<\/p>\n<p>Galardonada con diversos premios en reconocimiento a su labor profesional, la Academia de las Ciencias y las Artes de Televisi\u00f3n la concedi\u00f3 el Premio Iris a la Mejor Presentadora de Informativos Auton\u00f3micos por su rigor y claridad expositiva. Gran conocedora de la realidad econ\u00f3mica y social de la comunidad colabora activamente con diversos proyectos de desarrollo educativo.<\/p>\n<\/div>\n<p>[\/dipl_modal][\/et_pb_column][et_pb_column type=\u00bb1_5&#8243; _builder_version=\u00bb4.17.3&#8243; _module_preset=\u00bbdefault\u00bb global_colors_info=\u00bb{}\u00bb][\/et_pb_column][\/et_pb_row][\/et_pb_section][et_pb_section fb_built=\u00bb1&#8243; _builder_version=\u00bb4.17.3&#8243; _module_preset=\u00bbdefault\u00bb global_colors_info=\u00bb{}\u00bb][et_pb_row _builder_version=\u00bb4.17.4&#8243; _module_preset=\u00bbdefault\u00bb global_colors_info=\u00bb{}\u00bb][et_pb_column type=\u00bb4_4&#8243; _builder_version=\u00bb4.17.4&#8243; _module_preset=\u00bbdefault\u00bb global_colors_info=\u00bb{}\u00bb][et_pb_text admin_label=\u00bbTexto CIFRAS CONGRESO\u00bb _builder_version=\u00bb4.17.4&#8243; _module_preset=\u00bbdefault\u00bb header_2_font=\u00bbOpen Sans|700|||||||\u00bb header_2_text_color=\u00bb#503629&#8243; header_2_font_size=\u00bb40px\u00bb custom_margin=\u00bb||10px||false|false\u00bb hover_enabled=\u00bb0&#8243; global_colors_info=\u00bb{}\u00bb sticky_enabled=\u00bb0&#8243;]<\/p>\n<h2>Cifras Congreso Espa\u00f1ol del Caf\u00e9 &#8211; Valladolid 2022<\/h2>\n<p>[\/et_pb_text][\/et_pb_column][\/et_pb_row][et_pb_row column_structure=\u00bb1_4,1_4,1_4,1_4&#8243; _builder_version=\u00bb4.17.3&#8243; _module_preset=\u00bbdefault\u00bb max_width=\u00bb1200px\u00bb global_colors_info=\u00bb{}\u00bb][et_pb_column type=\u00bb1_4&#8243; _builder_version=\u00bb4.17.3&#8243; _module_preset=\u00bbdefault\u00bb global_colors_info=\u00bb{}\u00bb][et_pb_number_counter title=\u00bbparticipantes\u00bb number=\u00bb186&#8243; percent_sign=\u00bboff\u00bb _builder_version=\u00bb4.17.4&#8243; _module_preset=\u00bbdefault\u00bb title_font=\u00bbWork Sans||||||||\u00bb title_text_color=\u00bb#322626&#8243; number_font=\u00bbWork Sans||||||||\u00bb number_text_color=\u00bb#668e20&#8243; hover_enabled=\u00bb0&#8243; global_colors_info=\u00bb{}\u00bb sticky_enabled=\u00bb0&#8243;][\/et_pb_number_counter][\/et_pb_column][et_pb_column type=\u00bb1_4&#8243; _builder_version=\u00bb4.17.3&#8243; _module_preset=\u00bbdefault\u00bb global_colors_info=\u00bb{}\u00bb][et_pb_number_counter title=\u00bbempresas del sector cafetero\u00bb number=\u00bb77&#8243; percent_sign=\u00bboff\u00bb _builder_version=\u00bb4.17.3&#8243; _module_preset=\u00bbdefault\u00bb title_font=\u00bbWork Sans||||||||\u00bb title_text_color=\u00bb#322626&#8243; number_font=\u00bbWork Sans||||||||\u00bb number_text_color=\u00bb#668e20&#8243; global_colors_info=\u00bb{}\u00bb][\/et_pb_number_counter][\/et_pb_column][et_pb_column type=\u00bb1_4&#8243; _builder_version=\u00bb4.17.3&#8243; _module_preset=\u00bbdefault\u00bb global_colors_info=\u00bb{}\u00bb][et_pb_number_counter title=\u00bbempresas colaboradoras\u00bb number=\u00bb23&#8243; percent_sign=\u00bboff\u00bb _builder_version=\u00bb4.17.3&#8243; _module_preset=\u00bbdefault\u00bb title_font=\u00bbWork Sans||||||||\u00bb title_text_color=\u00bb#322626&#8243; number_font=\u00bbWork Sans||||||||\u00bb number_text_color=\u00bb#668e20&#8243; global_colors_info=\u00bb{}\u00bb][\/et_pb_number_counter][\/et_pb_column][et_pb_column type=\u00bb1_4&#8243; _builder_version=\u00bb4.17.3&#8243; _module_preset=\u00bbdefault\u00bb global_colors_info=\u00bb{}\u00bb][et_pb_number_counter title=\u00bbponencias y actividades\u00bb number=\u00bb6&#8243; percent_sign=\u00bboff\u00bb _builder_version=\u00bb4.17.4&#8243; _module_preset=\u00bbdefault\u00bb title_font=\u00bbWork Sans||||||||\u00bb title_text_color=\u00bb#322626&#8243; number_font=\u00bbWork Sans||||||||\u00bb number_text_color=\u00bb#668e20&#8243; hover_enabled=\u00bb0&#8243; global_colors_info=\u00bb{}\u00bb sticky_enabled=\u00bb0&#8243;][\/et_pb_number_counter][\/et_pb_column][\/et_pb_row][\/et_pb_section][et_pb_section fb_built=\u00bb1&#8243; module_id=\u00bbventajas\u00bb _builder_version=\u00bb4.17.4&#8243; _module_preset=\u00bbdefault\u00bb background_color=\u00bb#f4f4f4&#8243; global_colors_info=\u00bb{}\u00bb][et_pb_row _builder_version=\u00bb4.17.4&#8243; _module_preset=\u00bbdefault\u00bb background_enable_image=\u00bboff\u00bb max_width=\u00bb1200px\u00bb custom_padding=\u00bb1px||40px|||\u00bb global_colors_info=\u00bb{}\u00bb][et_pb_column type=\u00bb4_4&#8243; _builder_version=\u00bb4.17.3&#8243; _module_preset=\u00bbdefault\u00bb global_colors_info=\u00bb{}\u00bb][et_pb_text admin_label=\u00bbTexto VENTAJAS\u00bb _builder_version=\u00bb4.17.4&#8243; _module_preset=\u00bbdefault\u00bb header_2_font=\u00bbOpen Sans|700|||||||\u00bb header_2_text_color=\u00bb#503629&#8243; header_2_font_size=\u00bb40px\u00bb custom_margin=\u00bb||10px||false|false\u00bb global_colors_info=\u00bb{}\u00bb]<\/p>\n<h2>Ventajas<\/h2>\n<p>[\/et_pb_text][et_pb_divider color=\u00bb#503629&#8243; divider_position=\u00bbcenter\u00bb divider_weight=\u00bb2px\u00bb _builder_version=\u00bb4.17.4&#8243; _module_preset=\u00bbdefault\u00bb width=\u00bb100px\u00bb global_colors_info=\u00bb{}\u00bb][\/et_pb_divider][\/et_pb_column][\/et_pb_row][et_pb_row column_structure=\u00bb1_5,1_5,1_5,1_5,1_5&#8243; _builder_version=\u00bb4.17.3&#8243; _module_preset=\u00bbdefault\u00bb max_width=\u00bb1200px\u00bb global_colors_info=\u00bb{}\u00bb][et_pb_column type=\u00bb1_5&#8243; _builder_version=\u00bb4.16&#8243; _module_preset=\u00bbdefault\u00bb global_colors_info=\u00bb{}\u00bb][et_pb_image src=\u00bbhttp:\/\/www.asociacioncafe.com\/congreso\/wp-content\/uploads\/2022\/05\/iconos-Ventanas-01.png\u00bb title_text=\u00bbiconos Ventanas-01&#8243; align=\u00bbcenter\u00bb _builder_version=\u00bb4.17.4&#8243; _module_preset=\u00bbdefault\u00bb custom_margin=\u00bb||0px||false|false\u00bb custom_padding=\u00bb||0px|||\u00bb global_colors_info=\u00bb{}\u00bb][\/et_pb_image][et_pb_text _builder_version=\u00bb4.17.3&#8243; _module_preset=\u00bbdefault\u00bb text_font=\u00bbWork Sans||||||||\u00bb text_text_color=\u00bb#274654&#8243; text_font_size=\u00bb15px\u00bb text_line_height=\u00bb1.5em\u00bb header_2_font=\u00bbBarlow Condensed|700|||||||\u00bb header_2_text_color=\u00bb#FFFFFF\u00bb header_2_font_size=\u00bb31px\u00bb text_orientation=\u00bbcenter\u00bb custom_padding=\u00bb||||false|false\u00bb border_color_left=\u00bb#FFFFFF\u00bb global_colors_info=\u00bb{}\u00bb]<\/p>\n<p>Visi\u00f3n transversal de la cadena de valor del sector del caf\u00e9<\/p>\n<p>[\/et_pb_text][\/et_pb_column][et_pb_column type=\u00bb1_5&#8243; _builder_version=\u00bb4.16&#8243; _module_preset=\u00bbdefault\u00bb global_colors_info=\u00bb{}\u00bb][et_pb_image src=\u00bbhttp:\/\/www.asociacioncafe.com\/congreso\/wp-content\/uploads\/2022\/05\/iconos-Ventanas-02.png\u00bb title_text=\u00bbiconos Ventanas-02&#8243; align=\u00bbcenter\u00bb _builder_version=\u00bb4.17.3&#8243; _module_preset=\u00bbdefault\u00bb custom_margin=\u00bb||0px||false|false\u00bb global_colors_info=\u00bb{}\u00bb][\/et_pb_image][et_pb_text _builder_version=\u00bb4.17.3&#8243; _module_preset=\u00bbdefault\u00bb text_font=\u00bbWork Sans||||||||\u00bb text_text_color=\u00bb#274654&#8243; text_font_size=\u00bb15px\u00bb text_line_height=\u00bb1.5em\u00bb header_2_font=\u00bbBarlow Condensed|700|||||||\u00bb header_2_text_color=\u00bb#FFFFFF\u00bb header_2_font_size=\u00bb31px\u00bb text_orientation=\u00bbcenter\u00bb custom_padding=\u00bb||||false|false\u00bb border_color_left=\u00bb#FFFFFF\u00bb global_colors_info=\u00bb{}\u00bb]<\/p>\n<p>Retos, oportunidades y tendencias de consumo<\/p>\n<p>[\/et_pb_text][\/et_pb_column][et_pb_column type=\u00bb1_5&#8243; _builder_version=\u00bb4.16&#8243; _module_preset=\u00bbdefault\u00bb global_colors_info=\u00bb{}\u00bb][et_pb_image src=\u00bbhttp:\/\/www.asociacioncafe.com\/congreso\/wp-content\/uploads\/2022\/05\/iconos-Ventanas-04.png\u00bb title_text=\u00bbiconos Ventanas-04&#8243; align=\u00bbcenter\u00bb _builder_version=\u00bb4.17.3&#8243; _module_preset=\u00bbdefault\u00bb custom_margin=\u00bb||0px||false|false\u00bb global_colors_info=\u00bb{}\u00bb][\/et_pb_image][et_pb_text _builder_version=\u00bb4.17.3&#8243; _module_preset=\u00bbdefault\u00bb text_font=\u00bbWork Sans||||||||\u00bb text_text_color=\u00bb#274654&#8243; text_font_size=\u00bb15px\u00bb text_line_height=\u00bb1.5em\u00bb header_2_font=\u00bbBarlow Condensed|700|||||||\u00bb header_2_text_color=\u00bb#FFFFFF\u00bb header_2_font_size=\u00bb31px\u00bb text_orientation=\u00bbcenter\u00bb custom_padding=\u00bb||||false|false\u00bb border_color_left=\u00bb#FFFFFF\u00bb global_colors_info=\u00bb{}\u00bb]<\/p>\n<p>Networking con todos los eslabones de la cadena y empresas vinculadas<\/p>\n<p>[\/et_pb_text][\/et_pb_column][et_pb_column type=\u00bb1_5&#8243; _builder_version=\u00bb4.16&#8243; _module_preset=\u00bbdefault\u00bb global_colors_info=\u00bb{}\u00bb][et_pb_image src=\u00bbhttp:\/\/www.asociacioncafe.com\/congreso\/wp-content\/uploads\/2022\/05\/iconos-Ventanas-05.png\u00bb title_text=\u00bbiconos Ventanas-05&#8243; _builder_version=\u00bb4.17.3&#8243; _module_preset=\u00bbdefault\u00bb custom_margin=\u00bb||0px||false|false\u00bb global_colors_info=\u00bb{}\u00bb][\/et_pb_image][et_pb_text _builder_version=\u00bb4.17.3&#8243; _module_preset=\u00bbdefault\u00bb text_font=\u00bbWork Sans||||||||\u00bb text_text_color=\u00bb#274654&#8243; text_font_size=\u00bb15px\u00bb text_line_height=\u00bb1.5em\u00bb header_2_font=\u00bbBarlow Condensed|700|||||||\u00bb header_2_text_color=\u00bb#FFFFFF\u00bb header_2_font_size=\u00bb31px\u00bb text_orientation=\u00bbcenter\u00bb custom_padding=\u00bb||||false|false\u00bb border_color_left=\u00bb#FFFFFF\u00bb global_colors_info=\u00bb{}\u00bb]<\/p>\n<p>Programa acad\u00e9mico de alto nivel en agradable entorno social<\/p>\n<p>[\/et_pb_text][\/et_pb_column][et_pb_column type=\u00bb1_5&#8243; _builder_version=\u00bb4.16&#8243; _module_preset=\u00bbdefault\u00bb global_colors_info=\u00bb{}\u00bb][et_pb_image src=\u00bbhttp:\/\/www.asociacioncafe.com\/congreso\/wp-content\/uploads\/2022\/05\/iconos-Ventanas-03.png\u00bb title_text=\u00bbiconos Ventanas-03&#8243; align=\u00bbcenter\u00bb _builder_version=\u00bb4.17.3&#8243; _module_preset=\u00bbdefault\u00bb custom_margin=\u00bb||0px||false|false\u00bb global_colors_info=\u00bb{}\u00bb][\/et_pb_image][et_pb_text _builder_version=\u00bb4.17.3&#8243; _module_preset=\u00bbdefault\u00bb text_font=\u00bbWork Sans||||||||\u00bb text_text_color=\u00bb#274654&#8243; text_font_size=\u00bb15px\u00bb text_line_height=\u00bb1.5em\u00bb header_2_font=\u00bbBarlow Condensed|700|||||||\u00bb header_2_text_color=\u00bb#FFFFFF\u00bb header_2_font_size=\u00bb31px\u00bb text_orientation=\u00bbcenter\u00bb custom_padding=\u00bb||||false|false\u00bb border_color_left=\u00bb#FFFFFF\u00bb global_colors_info=\u00bb{}\u00bb]<\/p>\n<p>Posibildiad de compartir experiencias de sector y negocio<\/p>\n<p>[\/et_pb_text][\/et_pb_column][\/et_pb_row][\/et_pb_section][et_pb_section fb_built=\u00bb1&#8243; module_id=\u00bbcolaboradores\u00bb _builder_version=\u00bb4.17.4&#8243; _module_preset=\u00bbdefault\u00bb custom_padding=\u00bb70px||70px||true|\u00bb box_shadow_style=\u00bbpreset3&#8243; box_shadow_vertical=\u00bb-12px\u00bb box_shadow_color=\u00bbrgba(0,0,0,0.1)\u00bb global_colors_info=\u00bb{}\u00bb][et_pb_row _builder_version=\u00bb4.17.4&#8243; _module_preset=\u00bbdefault\u00bb background_enable_image=\u00bboff\u00bb max_width=\u00bb1200px\u00bb custom_padding=\u00bb1px||40px|||\u00bb global_colors_info=\u00bb{}\u00bb][et_pb_column type=\u00bb4_4&#8243; _builder_version=\u00bb4.17.3&#8243; _module_preset=\u00bbdefault\u00bb global_colors_info=\u00bb{}\u00bb][et_pb_text admin_label=\u00bbTexto COLABORADORES\u00bb _builder_version=\u00bb4.17.4&#8243; _module_preset=\u00bbdefault\u00bb header_2_font=\u00bbOpen Sans|700|||||||\u00bb header_2_text_color=\u00bb#503629&#8243; header_2_font_size=\u00bb40px\u00bb custom_margin=\u00bb||10px||false|false\u00bb global_colors_info=\u00bb{}\u00bb]<\/p>\n<h2>Colaboradores<\/h2>\n<p>[\/et_pb_text][et_pb_divider color=\u00bb#503629&#8243; divider_weight=\u00bb2px\u00bb _builder_version=\u00bb4.17.3&#8243; _module_preset=\u00bbdefault\u00bb width=\u00bb100px\u00bb global_colors_info=\u00bb{}\u00bb][\/et_pb_divider][\/et_pb_column][\/et_pb_row][et_pb_row column_structure=\u00bb1_4,1_4,1_4,1_4&#8243; _builder_version=\u00bb4.17.3&#8243; _module_preset=\u00bbdefault\u00bb custom_margin=\u00bb||30px||false|false\u00bb global_colors_info=\u00bb{}\u00bb][et_pb_column type=\u00bb1_4&#8243; _builder_version=\u00bb4.17.3&#8243; _module_preset=\u00bbdefault\u00bb global_colors_info=\u00bb{}\u00bb][et_pb_image src=\u00bbhttp:\/\/www.asociacioncafe.com\/congreso\/wp-content\/uploads\/2022\/05\/BSCA-PS-BCN-ES.jpg\u00bb title_text=\u00bbBSCA-PS-BCN-ES\u00bb url=\u00bbhttps:\/\/www.bsca.com.br\/index\/home\u00bb url_new_window=\u00bbon\u00bb align=\u00bbcenter\u00bb admin_label=\u00bbLogo BSCA\u00bb _builder_version=\u00bb4.17.4&#8243; _module_preset=\u00bbdefault\u00bb global_colors_info=\u00bb{}\u00bb][\/et_pb_image][\/et_pb_column][et_pb_column type=\u00bb1_4&#8243; _builder_version=\u00bb4.17.3&#8243; _module_preset=\u00bbdefault\u00bb global_colors_info=\u00bb{}\u00bb][et_pb_image src=\u00bbhttp:\/\/www.asociacioncafe.com\/congreso\/wp-content\/uploads\/2022\/05\/Logo-Diputacion-de-Valladolid_02.jpg\u00bb title_text=\u00bbLogo Diputacion de Valladolid_02&#8243; url=\u00bbhttps:\/\/www.diputaciondevalladolid.es\/es\u00bb url_new_window=\u00bbon\u00bb align=\u00bbcenter\u00bb admin_label=\u00bbLogo DIPUTACI\u00d3N\u00bb _builder_version=\u00bb4.17.4&#8243; _module_preset=\u00bbdefault\u00bb global_colors_info=\u00bb{}\u00bb][\/et_pb_image][\/et_pb_column][et_pb_column type=\u00bb1_4&#8243; _builder_version=\u00bb4.17.3&#8243; _module_preset=\u00bbdefault\u00bb global_colors_info=\u00bb{}\u00bb][\/et_pb_column][et_pb_column type=\u00bb1_4&#8243; _builder_version=\u00bb4.17.3&#8243; _module_preset=\u00bbdefault\u00bb global_colors_info=\u00bb{}\u00bb][\/et_pb_column][\/et_pb_row][\/et_pb_section][et_pb_section fb_built=\u00bb1&#8243; module_id=\u00bbpatrocinadores\u00bb _builder_version=\u00bb4.17.4&#8243; _module_preset=\u00bbdefault\u00bb custom_padding=\u00bb70px||70px||true|\u00bb box_shadow_style=\u00bbpreset3&#8243; box_shadow_vertical=\u00bb-12px\u00bb box_shadow_color=\u00bbrgba(0,0,0,0.1)\u00bb global_colors_info=\u00bb{}\u00bb][et_pb_row _builder_version=\u00bb4.17.4&#8243; _module_preset=\u00bbdefault\u00bb background_enable_image=\u00bboff\u00bb max_width=\u00bb1200px\u00bb custom_padding=\u00bb1px||40px|||\u00bb global_colors_info=\u00bb{}\u00bb][et_pb_column type=\u00bb4_4&#8243; _builder_version=\u00bb4.17.3&#8243; _module_preset=\u00bbdefault\u00bb global_colors_info=\u00bb{}\u00bb][et_pb_text admin_label=\u00bbTexto PATROCINADORES\u00bb _builder_version=\u00bb4.17.4&#8243; _module_preset=\u00bbdefault\u00bb header_2_font=\u00bbOpen Sans|700|||||||\u00bb header_2_text_color=\u00bb#503629&#8243; header_2_font_size=\u00bb40px\u00bb custom_margin=\u00bb||10px||false|false\u00bb global_colors_info=\u00bb{}\u00bb]<\/p>\n<h2>Patrocinadores<\/h2>\n<p>[\/et_pb_text][et_pb_divider color=\u00bb#503629&#8243; divider_weight=\u00bb2px\u00bb _builder_version=\u00bb4.17.3&#8243; _module_preset=\u00bbdefault\u00bb width=\u00bb100px\u00bb global_colors_info=\u00bb{}\u00bb][\/et_pb_divider][\/et_pb_column][\/et_pb_row][et_pb_row column_structure=\u00bb1_4,1_4,1_4,1_4&#8243; _builder_version=\u00bb4.17.3&#8243; _module_preset=\u00bbdefault\u00bb custom_margin=\u00bb||30px||false|false\u00bb global_colors_info=\u00bb{}\u00bb][et_pb_column type=\u00bb1_4&#8243; _builder_version=\u00bb4.17.3&#8243; _module_preset=\u00bbdefault\u00bb global_colors_info=\u00bb{}\u00bb][et_pb_image src=\u00bbhttp:\/\/www.asociacioncafe.com\/congreso\/wp-content\/uploads\/2022\/05\/Logo-GESTINVER.jpg\u00bb title_text=\u00bbLOGO_GESTINVER CONSULTORES*\u00bb url=\u00bbhttp:\/\/www.gestinver.es\/\u00bb url_new_window=\u00bbon\u00bb align=\u00bbcenter\u00bb admin_label=\u00bbLogo GESTINVER\u00bb _builder_version=\u00bb4.17.4&#8243; _module_preset=\u00bbdefault\u00bb global_colors_info=\u00bb{}\u00bb][\/et_pb_image][\/et_pb_column][et_pb_column type=\u00bb1_4&#8243; _builder_version=\u00bb4.17.3&#8243; _module_preset=\u00bbdefault\u00bb global_colors_info=\u00bb{}\u00bb][et_pb_image src=\u00bbhttp:\/\/www.asociacioncafe.com\/congreso\/wp-content\/uploads\/2022\/05\/LOTUS-BISCOFF_POS_CMYK.jpg\u00bb title_text=\u00bbLOTUS-BISCOFF_POS_CMYK\u00bb url=\u00bbhttps:\/\/www.lotusbiscoff.com\/es-es\u00bb url_new_window=\u00bbon\u00bb align=\u00bbcenter\u00bb admin_label=\u00bbLogo LOTUS\u00bb _builder_version=\u00bb4.17.4&#8243; _module_preset=\u00bbdefault\u00bb global_colors_info=\u00bb{}\u00bb][\/et_pb_image][\/et_pb_column][et_pb_column type=\u00bb1_4&#8243; _builder_version=\u00bb4.17.3&#8243; _module_preset=\u00bbdefault\u00bb global_colors_info=\u00bb{}\u00bb][et_pb_image src=\u00bbhttp:\/\/www.asociacioncafe.com\/congreso\/wp-content\/uploads\/2022\/05\/Logo-Masiques.jpg\u00bb title_text=\u00bbLogo Masiques\u00bb url=\u00bbhttps:\/\/www.masiques.com\/\u00bb url_new_window=\u00bbon\u00bb align=\u00bbcenter\u00bb admin_label=\u00bbLogo MASIQUES\u00bb _builder_version=\u00bb4.17.4&#8243; _module_preset=\u00bbdefault\u00bb global_colors_info=\u00bb{}\u00bb][\/et_pb_image][\/et_pb_column][et_pb_column type=\u00bb1_4&#8243; _builder_version=\u00bb4.17.3&#8243; _module_preset=\u00bbdefault\u00bb global_colors_info=\u00bb{}\u00bb][et_pb_image src=\u00bbhttp:\/\/www.asociacioncafe.com\/congreso\/wp-content\/uploads\/2022\/05\/Logo-PortBCN.jpg\u00bb title_text=\u00bbLogo PortBCN\u00bb url=\u00bbhttps:\/\/www.portdebarcelona.cat\/es\/home_apb\u00bb url_new_window=\u00bbon\u00bb align=\u00bbcenter\u00bb admin_label=\u00bbLogo PUERTO DE BCN\u00bb _builder_version=\u00bb4.17.4&#8243; _module_preset=\u00bbdefault\u00bb global_colors_info=\u00bb{}\u00bb][\/et_pb_image][\/et_pb_column][\/et_pb_row][\/et_pb_section][et_pb_section fb_built=\u00bb1&#8243; module_id=\u00bbexpositores\u00bb _builder_version=\u00bb4.17.4&#8243; _module_preset=\u00bbdefault\u00bb custom_padding=\u00bb70px||70px||true|\u00bb box_shadow_style=\u00bbpreset3&#8243; box_shadow_vertical=\u00bb-12px\u00bb box_shadow_color=\u00bbrgba(0,0,0,0.1)\u00bb global_colors_info=\u00bb{}\u00bb][et_pb_row _builder_version=\u00bb4.17.4&#8243; _module_preset=\u00bbdefault\u00bb background_enable_image=\u00bboff\u00bb max_width=\u00bb1200px\u00bb custom_padding=\u00bb1px||40px|||\u00bb global_colors_info=\u00bb{}\u00bb][et_pb_column type=\u00bb4_4&#8243; _builder_version=\u00bb4.17.3&#8243; _module_preset=\u00bbdefault\u00bb global_colors_info=\u00bb{}\u00bb][et_pb_text admin_label=\u00bbTexto EXPOSITORES\u00bb _builder_version=\u00bb4.17.3&#8243; _module_preset=\u00bbdefault\u00bb header_2_font=\u00bbOpen Sans|700|||||||\u00bb header_2_text_color=\u00bb#503629&#8243; header_2_font_size=\u00bb40px\u00bb custom_margin=\u00bb||10px||false|false\u00bb global_colors_info=\u00bb{}\u00bb]<\/p>\n<h2>Expositores<\/h2>\n<p>[\/et_pb_text][et_pb_divider color=\u00bb#503629&#8243; divider_weight=\u00bb2px\u00bb _builder_version=\u00bb4.17.3&#8243; _module_preset=\u00bbdefault\u00bb width=\u00bb100px\u00bb global_colors_info=\u00bb{}\u00bb][\/et_pb_divider][\/et_pb_column][\/et_pb_row][et_pb_row column_structure=\u00bb1_4,1_4,1_4,1_4&#8243; _builder_version=\u00bb4.17.3&#8243; _module_preset=\u00bbdefault\u00bb custom_margin=\u00bb||30px||false|false\u00bb global_colors_info=\u00bb{}\u00bb][et_pb_column type=\u00bb1_4&#8243; _builder_version=\u00bb4.17.3&#8243; _module_preset=\u00bbdefault\u00bb global_colors_info=\u00bb{}\u00bb][et_pb_image src=\u00bbhttp:\/\/www.asociacioncafe.com\/congreso\/wp-content\/uploads\/2022\/05\/Logo-AZUCARES.jpg\u00bb title_text=\u00bbLogo-AZUCARES\u00bb url=\u00bbhttps:\/\/www.azucaresprieto.com\/\u00bb url_new_window=\u00bbon\u00bb align=\u00bbcenter\u00bb admin_label=\u00bbLogo AZ\u00daCARES PRIETO\u00bb _builder_version=\u00bb4.17.4&#8243; _module_preset=\u00bbdefault\u00bb global_colors_info=\u00bb{}\u00bb][\/et_pb_image][\/et_pb_column][et_pb_column type=\u00bb1_4&#8243; _builder_version=\u00bb4.17.3&#8243; _module_preset=\u00bbdefault\u00bb global_colors_info=\u00bb{}\u00bb][et_pb_image src=\u00bbhttp:\/\/www.asociacioncafe.com\/congreso\/wp-content\/uploads\/2022\/05\/Logo-Monbana.jpg\u00bb title_text=\u00bbLogo Monbana\u00bb url=\u00bbhttps:\/\/www.monbana.com\/\u00bb url_new_window=\u00bbon\u00bb align=\u00bbcenter\u00bb admin_label=\u00bbLogo MONBANA\u00bb _builder_version=\u00bb4.17.4&#8243; _module_preset=\u00bbdefault\u00bb global_colors_info=\u00bb{}\u00bb][\/et_pb_image][\/et_pb_column][et_pb_column type=\u00bb1_4&#8243; _builder_version=\u00bb4.17.3&#8243; _module_preset=\u00bbdefault\u00bb global_colors_info=\u00bb{}\u00bb][et_pb_image src=\u00bbhttp:\/\/www.asociacioncafe.com\/congreso\/wp-content\/uploads\/2022\/05\/Logo-CUYMER_vff.jpg\u00bb title_text=\u00bbLogo CUYMER_vff\u00bb url=\u00bbhttps:\/\/cuymer.net\/\u00bb url_new_window=\u00bbon\u00bb align=\u00bbcenter\u00bb admin_label=\u00bbLogo CUYMER\u00bb _builder_version=\u00bb4.17.4&#8243; _module_preset=\u00bbdefault\u00bb global_colors_info=\u00bb{}\u00bb][\/et_pb_image][\/et_pb_column][et_pb_column type=\u00bb1_4&#8243; _builder_version=\u00bb4.17.3&#8243; _module_preset=\u00bbdefault\u00bb global_colors_info=\u00bb{}\u00bb][et_pb_image src=\u00bbhttp:\/\/www.asociacioncafe.com\/congreso\/wp-content\/uploads\/2022\/05\/Logo-ENTECO-1.jpg\u00bb title_text=\u00bbLogo ENTECO\u00bb url=\u00bbhttps:\/\/www.grupoenteco.es\/\u00bb url_new_window=\u00bbon\u00bb align=\u00bbcenter\u00bb admin_label=\u00bbLogo ENTECO\u00bb _builder_version=\u00bb4.17.4&#8243; _module_preset=\u00bbdefault\u00bb global_colors_info=\u00bb{}\u00bb][\/et_pb_image][\/et_pb_column][\/et_pb_row][et_pb_row column_structure=\u00bb1_4,1_4,1_4,1_4&#8243; _builder_version=\u00bb4.17.3&#8243; _module_preset=\u00bbdefault\u00bb custom_margin=\u00bb||30px||false|false\u00bb global_colors_info=\u00bb{}\u00bb][et_pb_column type=\u00bb1_4&#8243; _builder_version=\u00bb4.17.3&#8243; _module_preset=\u00bbdefault\u00bb global_colors_info=\u00bb{}\u00bb][et_pb_image src=\u00bbhttp:\/\/www.asociacioncafe.com\/congreso\/wp-content\/uploads\/2022\/05\/IBERITAL_vf.jpg\u00bb title_text=\u00bbIBERITAL_vf\u00bb url=\u00bbhttps:\/\/www.iberital.com\/\u00bb url_new_window=\u00bbon\u00bb align=\u00bbcenter\u00bb admin_label=\u00bbLogo IBERITAL\u00bb _builder_version=\u00bb4.17.4&#8243; _module_preset=\u00bbdefault\u00bb global_colors_info=\u00bb{}\u00bb][\/et_pb_image][\/et_pb_column][et_pb_column type=\u00bb1_4&#8243; _builder_version=\u00bb4.17.3&#8243; _module_preset=\u00bbdefault\u00bb global_colors_info=\u00bb{}\u00bb][et_pb_image src=\u00bbhttp:\/\/www.asociacioncafe.com\/congreso\/wp-content\/uploads\/2022\/05\/probat_Radar.jpg\u00bb title_text=\u00bbProbat_Logo RZ\u00bb url=\u00bbhttps:\/\/imco.es\/\u00bb url_new_window=\u00bbon\u00bb align=\u00bbcenter\u00bb admin_label=\u00bbLogo IMCO\u00bb _builder_version=\u00bb4.17.4&#8243; _module_preset=\u00bbdefault\u00bb global_colors_info=\u00bb{}\u00bb][\/et_pb_image][\/et_pb_column][et_pb_column type=\u00bb1_4&#8243; _builder_version=\u00bb4.17.3&#8243; _module_preset=\u00bbdefault\u00bb global_colors_info=\u00bb{}\u00bb][et_pb_image src=\u00bbhttp:\/\/www.asociacioncafe.com\/congreso\/wp-content\/uploads\/2022\/05\/Lattiz_logo_2019_rgb.jpg\u00bb title_text=\u00bbLattiz_logo_2019_rgb\u00bb align=\u00bbcenter\u00bb admin_label=\u00bbLogo LATTIZ\u00bb _builder_version=\u00bb4.17.4&#8243; _module_preset=\u00bbdefault\u00bb global_colors_info=\u00bb{}\u00bb][\/et_pb_image][\/et_pb_column][et_pb_column type=\u00bb1_4&#8243; _builder_version=\u00bb4.17.3&#8243; _module_preset=\u00bbdefault\u00bb global_colors_info=\u00bb{}\u00bb][et_pb_image src=\u00bbhttp:\/\/www.asociacioncafe.com\/congreso\/wp-content\/uploads\/2022\/05\/LOGO-MAYKHEL.jpg\u00bb title_text=\u00bbLOGO MAYKHEL\u00bb url=\u00bbhttps:\/\/www.maykhel.es\/\u00bb url_new_window=\u00bbon\u00bb align=\u00bbcenter\u00bb admin_label=\u00bbLogo CHOCOLATES MAYKHEL\u00bb _builder_version=\u00bb4.17.4&#8243; _module_preset=\u00bbdefault\u00bb global_colors_info=\u00bb{}\u00bb][\/et_pb_image][\/et_pb_column][\/et_pb_row][et_pb_row column_structure=\u00bb1_4,1_4,1_4,1_4&#8243; _builder_version=\u00bb4.17.3&#8243; _module_preset=\u00bbdefault\u00bb custom_margin=\u00bb||30px||false|false\u00bb global_colors_info=\u00bb{}\u00bb][et_pb_column type=\u00bb1_4&#8243; _builder_version=\u00bb4.17.3&#8243; _module_preset=\u00bbdefault\u00bb global_colors_info=\u00bb{}\u00bb][et_pb_image src=\u00bbhttp:\/\/www.asociacioncafe.com\/congreso\/wp-content\/uploads\/2022\/05\/LOGO-MENSHEN.jpg\u00bb title_text=\u00bbLOGO-MENSHEN\u00bb url=\u00bbhttps:\/\/www.menshen.com\/spain\/\u00bb url_new_window=\u00bbon\u00bb align=\u00bbcenter\u00bb admin_label=\u00bbLogo MENSHEN\u00bb _builder_version=\u00bb4.17.4&#8243; _module_preset=\u00bbdefault\u00bb global_colors_info=\u00bb{}\u00bb][\/et_pb_image][\/et_pb_column][et_pb_column type=\u00bb1_4&#8243; _builder_version=\u00bb4.17.3&#8243; _module_preset=\u00bbdefault\u00bb global_colors_info=\u00bb{}\u00bb][et_pb_image src=\u00bbhttp:\/\/www.asociacioncafe.com\/congreso\/wp-content\/uploads\/2022\/05\/OPEM_VF.jpg\u00bb title_text=\u00bbOPEM_VF\u00bb url=\u00bbhttps:\/\/www.opem.it\/\u00bb url_new_window=\u00bbon\u00bb align=\u00bbcenter\u00bb admin_label=\u00bbLogo OPEM\u00bb _builder_version=\u00bb4.17.4&#8243; _module_preset=\u00bbdefault\u00bb global_colors_info=\u00bb{}\u00bb][\/et_pb_image][\/et_pb_column][et_pb_column type=\u00bb1_4&#8243; _builder_version=\u00bb4.17.3&#8243; _module_preset=\u00bbdefault\u00bb global_colors_info=\u00bb{}\u00bb][et_pb_image src=\u00bbhttp:\/\/www.asociacioncafe.com\/congreso\/wp-content\/uploads\/2022\/05\/LA-TETERA-AZUL_vf.jpg\u00bb title_text=\u00bbLA TETERA AZUL_vf\u00bb url=\u00bbhttps:\/\/www.storepharmadus.com\/es\/la-tetera-azul\u00bb url_new_window=\u00bbon\u00bb align=\u00bbcenter\u00bb admin_label=\u00bbLogo PHARMADUS\u00bb _builder_version=\u00bb4.17.4&#8243; _module_preset=\u00bbdefault\u00bb global_colors_info=\u00bb{}\u00bb][\/et_pb_image][\/et_pb_column][et_pb_column type=\u00bb1_4&#8243; _builder_version=\u00bb4.17.3&#8243; _module_preset=\u00bbdefault\u00bb global_colors_info=\u00bb{}\u00bb][et_pb_image src=\u00bbhttp:\/\/www.asociacioncafe.com\/congreso\/wp-content\/uploads\/2022\/05\/Logo-QUALITY-ESPRESSO-scaled.jpg\u00bb title_text=\u00bbLogo QUALITY ESPRESSO\u00bb url=\u00bbhttps:\/\/www.qualityespresso.net\/es\/\u00bb url_new_window=\u00bbon\u00bb align=\u00bbcenter\u00bb admin_label=\u00bbLogo QUALITY ESPRESSO\u00bb _builder_version=\u00bb4.17.4&#8243; _module_preset=\u00bbdefault\u00bb global_colors_info=\u00bb{}\u00bb][\/et_pb_image][\/et_pb_column][\/et_pb_row][et_pb_row column_structure=\u00bb1_4,1_4,1_4,1_4&#8243; _builder_version=\u00bb4.17.3&#8243; _module_preset=\u00bbdefault\u00bb custom_margin=\u00bb||30px||false|false\u00bb global_colors_info=\u00bb{}\u00bb][et_pb_column type=\u00bb1_4&#8243; _builder_version=\u00bb4.17.3&#8243; _module_preset=\u00bbdefault\u00bb global_colors_info=\u00bb{}\u00bb][\/et_pb_column][et_pb_column type=\u00bb1_4&#8243; _builder_version=\u00bb4.17.3&#8243; _module_preset=\u00bbdefault\u00bb global_colors_info=\u00bb{}\u00bb][et_pb_image src=\u00bbhttp:\/\/www.asociacioncafe.com\/congreso\/wp-content\/uploads\/2022\/05\/Logo-SANTOS_vf.jpg\u00bb title_text=\u00bbLogo SANTOS_vf\u00bb url=\u00bbhttps:\/\/www.santos.fr\/en\/\u00bb url_new_window=\u00bbon\u00bb align=\u00bbcenter\u00bb admin_label=\u00bbLogo SANTOS\u00bb _builder_version=\u00bb4.17.4&#8243; _module_preset=\u00bbdefault\u00bb global_colors_info=\u00bb{}\u00bb][\/et_pb_image][\/et_pb_column][et_pb_column type=\u00bb1_4&#8243; _builder_version=\u00bb4.17.3&#8243; _module_preset=\u00bbdefault\u00bb global_colors_info=\u00bb{}\u00bb][et_pb_image src=\u00bbhttp:\/\/www.asociacioncafe.com\/congreso\/wp-content\/uploads\/2022\/05\/Logo-TME.png\u00bb title_text=\u00bbLogo TME\u00bb url=\u00bbhttps:\/\/www.tmeitaly.com\/es\/\u00bb url_new_window=\u00bbon\u00bb align=\u00bbcenter\u00bb admin_label=\u00bbLogo TME\u00bb _builder_version=\u00bb4.17.4&#8243; _module_preset=\u00bbdefault\u00bb global_colors_info=\u00bb{}\u00bb][\/et_pb_image][\/et_pb_column][et_pb_column type=\u00bb1_4&#8243; _builder_version=\u00bb4.17.3&#8243; _module_preset=\u00bbdefault\u00bb global_colors_info=\u00bb{}\u00bb][\/et_pb_column][\/et_pb_row][\/et_pb_section][et_pb_section fb_built=\u00bb1&#8243; _builder_version=\u00bb4.17.3&#8243; _module_preset=\u00bbdefault\u00bb custom_padding=\u00bb70px||70px||true|\u00bb box_shadow_style=\u00bbpreset3&#8243; box_shadow_vertical=\u00bb-12px\u00bb box_shadow_color=\u00bbrgba(0,0,0,0.1)\u00bb global_colors_info=\u00bb{}\u00bb][et_pb_row _builder_version=\u00bb4.17.4&#8243; _module_preset=\u00bbdefault\u00bb background_enable_image=\u00bboff\u00bb max_width=\u00bb1200px\u00bb custom_padding=\u00bb1px||40px|||\u00bb global_colors_info=\u00bb{}\u00bb][et_pb_column type=\u00bb4_4&#8243; _builder_version=\u00bb4.17.3&#8243; _module_preset=\u00bbdefault\u00bb global_colors_info=\u00bb{}\u00bb][et_pb_text admin_label=\u00bbTexto CON LA PARTICIPACI\u00d3N DE\u00bb _builder_version=\u00bb4.17.3&#8243; _module_preset=\u00bbdefault\u00bb header_2_font=\u00bbOpen Sans|700|||||||\u00bb header_2_text_color=\u00bb#503629&#8243; header_2_font_size=\u00bb40px\u00bb custom_margin=\u00bb||10px||false|false\u00bb global_colors_info=\u00bb{}\u00bb]<\/p>\n<h2>Con la participaci\u00f3n de<\/h2>\n<p>[\/et_pb_text][et_pb_divider color=\u00bb#503629&#8243; divider_weight=\u00bb2px\u00bb _builder_version=\u00bb4.17.3&#8243; _module_preset=\u00bbdefault\u00bb width=\u00bb100px\u00bb global_colors_info=\u00bb{}\u00bb][\/et_pb_divider][\/et_pb_column][\/et_pb_row][et_pb_row column_structure=\u00bb1_4,1_4,1_4,1_4&#8243; _builder_version=\u00bb4.17.3&#8243; _module_preset=\u00bbdefault\u00bb custom_margin=\u00bb||30px||false|false\u00bb global_colors_info=\u00bb{}\u00bb][et_pb_column type=\u00bb1_4&#8243; _builder_version=\u00bb4.17.3&#8243; _module_preset=\u00bbdefault\u00bb global_colors_info=\u00bb{}\u00bb][et_pb_image src=\u00bbhttp:\/\/www.asociacioncafe.com\/congreso\/wp-content\/uploads\/2022\/05\/Logo-Camara-de-Comercio-de-Valladolid-1.jpg\u00bb title_text=\u00bbLogo-Camara-de-Comercio-de-Valladolid-1&#8243; url=\u00bbhttps:\/\/www.camaravalladolid.com\/\u00bb url_new_window=\u00bbon\u00bb align=\u00bbcenter\u00bb admin_label=\u00bbLogo C\u00e1mara de Comercio\u00bb _builder_version=\u00bb4.17.4&#8243; _module_preset=\u00bbdefault\u00bb global_colors_info=\u00bb{}\u00bb][\/et_pb_image][\/et_pb_column][et_pb_column type=\u00bb1_4&#8243; _builder_version=\u00bb4.17.3&#8243; _module_preset=\u00bbdefault\u00bb global_colors_info=\u00bb{}\u00bb][et_pb_image src=\u00bbhttp:\/\/www.asociacioncafe.com\/congreso\/wp-content\/uploads\/2022\/05\/logotipo_CILLAR_SILOS.jpg\u00bb title_text=\u00bblogotipo_CILLAR_SILOS\u00bb align=\u00bbcenter\u00bb admin_label=\u00bbLogo Cillar de Silos\u00bb _builder_version=\u00bb4.17.4&#8243; _module_preset=\u00bbdefault\u00bb global_colors_info=\u00bb{}\u00bb][\/et_pb_image][\/et_pb_column][et_pb_column type=\u00bb1_4&#8243; _builder_version=\u00bb4.17.3&#8243; _module_preset=\u00bbdefault\u00bb global_colors_info=\u00bb{}\u00bb][et_pb_image src=\u00bbhttp:\/\/www.asociacioncafe.com\/congreso\/wp-content\/uploads\/2022\/05\/DEHESA-DE-LOS-CANONIGOS.jpg\u00bb title_text=\u00bbDEHESA DE LOS CANONIGOS\u00bb url=\u00bbhttps:\/\/www.dehesadeloscanonigos.com\/\u00bb align=\u00bbcenter\u00bb admin_label=\u00bbLogo Dehesa de Can\u00f3nigos\u00bb _builder_version=\u00bb4.17.4&#8243; _module_preset=\u00bbdefault\u00bb global_colors_info=\u00bb{}\u00bb][\/et_pb_image][\/et_pb_column][et_pb_column type=\u00bb1_4&#8243; _builder_version=\u00bb4.17.3&#8243; _module_preset=\u00bbdefault\u00bb global_colors_info=\u00bb{}\u00bb][et_pb_image src=\u00bbhttp:\/\/www.asociacioncafe.com\/congreso\/wp-content\/uploads\/2022\/05\/Logo-Escuela-Internacional-de-Cocina.jpg\u00bb title_text=\u00bbLogo-Escuela-Internacional-de-Cocina\u00bb url=\u00bbhttps:\/\/www.escuelainternacionaldecocina.com\/\u00bb url_new_window=\u00bbon\u00bb align=\u00bbcenter\u00bb admin_label=\u00bbLogo Escuela de Cocina\u00bb _builder_version=\u00bb4.17.4&#8243; _module_preset=\u00bbdefault\u00bb global_colors_info=\u00bb{}\u00bb][\/et_pb_image][\/et_pb_column][\/et_pb_row][\/et_pb_section][et_pb_section fb_built=\u00bb1&#8243; _builder_version=\u00bb4.17.3&#8243; _module_preset=\u00bbdefault\u00bb background_color=\u00bb#503629&#8243; custom_padding=\u00bb0px||0px||true|\u00bb global_colors_info=\u00bb{}\u00bb][et_pb_row module_id=\u00bbcontacto\u00bb _builder_version=\u00bb4.17.3&#8243; _module_preset=\u00bbdefault\u00bb background_enable_color=\u00bboff\u00bb global_colors_info=\u00bb{}\u00bb][et_pb_column type=\u00bb4_4&#8243; _builder_version=\u00bb4.17.3&#8243; _module_preset=\u00bbdefault\u00bb custom_padding=\u00bb13px|50px|13px|50px|true|true\u00bb global_colors_info=\u00bb{}\u00bb][et_pb_image src=\u00bbhttp:\/\/www.asociacioncafe.com\/congreso\/wp-content\/uploads\/2022\/05\/Recurso-1@10x.png\u00bb title_text=\u00bbRecurso 1@10x\u00bb _builder_version=\u00bb4.17.3&#8243; _module_preset=\u00bbdefault\u00bb width=\u00bb200px\u00bb module_alignment=\u00bbcenter\u00bb global_colors_info=\u00bb{}\u00bb][\/et_pb_image][\/et_pb_column][\/et_pb_row][\/et_pb_section]<\/p>\n","protected":false},"excerpt":{"rendered":"<p>La edici\u00f3n XXIX del Congreso Espa\u00f1ol del Caf\u00e9 se celebr\u00f3 el pasado 1 y 2 de junio en Castilla Termal Monasterio de Valbuena (Valladolid)El Congreso Espa\u00f1ol del Caf\u00e9 es un evento profesional destinado a empresas del sector del caf\u00e9 (tostadores, importadores de caf\u00e9 verde y empresas fabricantes de caf\u00e9 soluble). Las empresas vinculadas al [&hellip;]<\/p>\n","protected":false},"author":1,"featured_media":0,"parent":0,"menu_order":0,"comment_status":"closed","ping_status":"closed","template":"","meta":{"_et_pb_use_builder":"on","_et_pb_old_content":"","_et_gb_content_width":"","footnotes":""},"class_list":["post-9","page","type-page","status-publish","hentry"],"_links":{"self":[{"href":"https:\/\/www.asociacioncafe.com\/congreso\/wp-json\/wp\/v2\/pages\/9","targetHints":{"allow":["GET"]}}],"collection":[{"href":"https:\/\/www.asociacioncafe.com\/congreso\/wp-json\/wp\/v2\/pages"}],"about":[{"href":"https:\/\/www.asociacioncafe.com\/congreso\/wp-json\/wp\/v2\/types\/page"}],"author":[{"embeddable":true,"href":"https:\/\/www.asociacioncafe.com\/congreso\/wp-json\/wp\/v2\/users\/1"}],"replies":[{"embeddable":true,"href":"https:\/\/www.asociacioncafe.com\/congreso\/wp-json\/wp\/v2\/comments?post=9"}],"version-history":[{"count":202,"href":"https:\/\/www.asociacioncafe.com\/congreso\/wp-json\/wp\/v2\/pages\/9\/revisions"}],"predecessor-version":[{"id":721,"href":"https:\/\/www.asociacioncafe.com\/congreso\/wp-json\/wp\/v2\/pages\/9\/revisions\/721"}],"wp:attachment":[{"href":"https:\/\/www.asociacioncafe.com\/congreso\/wp-json\/wp\/v2\/media?parent=9"}],"curies":[{"name":"wp","href":"https:\/\/api.w.org\/{rel}","templated":true}]}}